{"id":173624,"date":"2026-08-31T13:10:32","date_gmt":"2026-08-31T17:10:32","guid":{"rendered":"https:\/\/clareprogramme.org\/?post_type=impact&#038;p=173624"},"modified":"2026-08-31T13:10:50","modified_gmt":"2026-08-31T17:10:50","slug":"recit-de-changement-des-donnees-locales-a-laction-mondiale-les-travaux-de-recherche-du-projet-success-eclairent-la-planification-en-matiere-de-deplacements-lies-au-climat-au-sein-du-foru","status":"publish","type":"impact","link":"https:\/\/clareprogramme.org\/fr\/impact\/recit-de-changement-des-donnees-locales-a-laction-mondiale-les-travaux-de-recherche-du-projet-success-eclairent-la-planification-en-matiere-de-deplacements-lies-au-climat-au-sein-du-foru\/","title":{"rendered":"R\u00e9cit de changement : des donn\u00e9es locales \u00e0 l&rsquo;action mondiale \u2013 Les travaux de recherche du projet SUCCESS \u00e9clairent la planification en mati\u00e8re de d\u00e9placements li\u00e9s au climat au sein du Forum des pays vuln\u00e9rables au changement climatique"},"content":{"rendered":"\n<p class=\"wp-block-paragraph\"><em>R\u00e9dig\u00e9 par Tasneem Siddiqui, Mohammad Rashed Alam Bhuiyan, Ekhtekharul Islam et Mahmudol Hasan Rocky<\/em><\/p>\n\n<h3 id=\"what-changed\" class=\"wp-block-heading\">Qu&rsquo;est-ce qui a chang\u00e9?<\/h3>\n\n<p class=\"wp-block-paragraph\">Le projet SUCCESS influence la mani\u00e8re dont certains des pays les plus vuln\u00e9rables au changement climatique se pr\u00e9parent aux d\u00e9placements internes. Le Forum des pays vuln\u00e9rables au changement climatique (CVF), un partenariat regroupant 74 pays touch\u00e9s de mani\u00e8re disproportionn\u00e9e par le changement climatique, s\u2019est engag\u00e9 \u00e0 utiliser un <a>mod\u00e8le <\/a>de planification destin\u00e9 \u00e0 la gestion des d\u00e9placements internes li\u00e9s au climat, \u00e9labor\u00e9 par le Refugee and Migratory Movements Research Unit (RMMRU), un partenaire du projet SUCCESS, en s\u2019appuyant sur l\u2019exp\u00e9rience acquise pr\u00e9c\u00e9demment dans le cadre de la collaboration avec le gouvernement du Bangladesh sur sa strat\u00e9gie nationale de gestion des d\u00e9placements.<\/p>\n\n<p class=\"wp-block-paragraph\">Ce mod\u00e8le encourage les pays du CVF \u00e0 adopter une approche fond\u00e9e sur les droits pour g\u00e9rer les d\u00e9placements internes, en tenant compte de trois phases :<\/p>\n\n<ul class=\"wp-block-list\">\n<li>Pr\u00e9vention : r\u00e9duire les risques avant que les d\u00e9placements ne se produisent, par exemple en am\u00e9liorant les syst\u00e8mes d&rsquo;alerte pr\u00e9coce, en cartographiant les zones \u00e0 risque de d\u00e9placement ; en favorisant la r\u00e9silience des moyens de subsistance et les cultures r\u00e9sistantes aux catastrophes ;<\/li>\n\n\n\n<li>Protection en cas de d\u00e9placement : met l&rsquo;accent sur le respect des droits humains et de la dignit\u00e9 des personnes d\u00e9plac\u00e9es, notamment en fournissant une aide d&rsquo;urgence et des services de base, en mettant en place des cadres juridiques clairs pour assurer leur protection, et en garantissant l&rsquo;acc\u00e8s \u00e0 un emploi s\u00fbr et \u00e0 des moyens de subsistance ;<\/li>\n\n\n\n<li>Solutions durables : garantir une stabilit\u00e9 \u00e0 long terme, par exemple en facilitant les retours volontaires en toute s\u00e9curit\u00e9, en soutenant l&rsquo;int\u00e9gration locale au sein des communaut\u00e9s d&rsquo;accueil et en mettant en \u0153uvre des r\u00e9installations bien planifi\u00e9es.<\/li>\n<\/ul>\n\n<p class=\"wp-block-paragraph\">Ce mod\u00e8le est con\u00e7u pour s&rsquo;adapter \u00e0 diff\u00e9rents contextes nationaux et propose des questions directrices souples afin que chaque gouvernement puisse adapter ses politiques \u00e0 ses r\u00e9alit\u00e9s g\u00e9ographiques, sociales et \u00e9conomiques propres. L&rsquo;inclusion est \u00e9galement une priorit\u00e9, puisque le mod\u00e8le met l&rsquo;accent sur un processus consultatif ascendant visant \u00e0 \u00e9laborer des cadres nationaux de mani\u00e8re \u00e0 garantir la participation active des populations d\u00e9plac\u00e9es et \u00e0 prendre en compte les diff\u00e9rences de vuln\u00e9rabilit\u00e9 li\u00e9es \u00e0 l&rsquo;\u00e2ge, au genre et au handicap.<\/p>\n\n<p class=\"wp-block-paragraph\">Le directeur g\u00e9n\u00e9ral du CVF s&rsquo;est engag\u00e9 \u00e0 utiliser ce mod\u00e8le pour aider les pays membres \u00e0 \u00e9laborer leurs propres strat\u00e9gies nationales de gestion des d\u00e9placements internes dans un contexte de changement climatique. La remise officielle du mod\u00e8le par le gouvernement du Bangladesh et la RMMRU au CVF a eu lieu lors d\u2019un \u00e9v\u00e9nement parall\u00e8le \u00e0 la COP30 en novembre 2025, marquant une \u00e9tape importante vers une adoption plus large par les pays membres du CVF. \u00c0 ce stade pr\u00e9coce, certains pays ont d\u00e9j\u00e0 commenc\u00e9 \u00e0 prendre des mesures pour collaborer avec les populations locales afin de mettre en \u0153uvre certaines des phases d\u00e9crites ci-dessus, par exemple en utilisant les questions guides pour \u00e9clairer la cartographie des zones r\u00e9gionales \u00e0 risque de d\u00e9placement.<\/p>\n\n<figure class=\"wp-block-image aligncenter size-full\"><img fetchpriority=\"high\" decoding=\"async\" width=\"902\" height=\"476\" src=\"https:\/\/clareprogramme.org\/wp-content\/uploads\/2026\/08\/image-11.png\" alt=\"\" class=\"wp-image-173599\" style=\"aspect-ratio:1.8958990536277602\" srcset=\"https:\/\/clareprogramme.org\/wp-content\/uploads\/2026\/08\/image-11.png 902w, https:\/\/clareprogramme.org\/wp-content\/uploads\/2026\/08\/image-11-300x158.png 300w, https:\/\/clareprogramme.org\/wp-content\/uploads\/2026\/08\/image-11-767x405.png 767w\" sizes=\"(max-width: 902px) 100vw, 902px\" \/><figcaption class=\"wp-element-caption\"><em>La remise officielle du mod\u00e8le par le gouvernement du Bangladesh et la RMMRU \u00e0 la CVF a eu lieu lors d&rsquo;un \u00e9v\u00e9nement parall\u00e8le \u00e0 la COP30 en novembre 2025.<\/em><\/figcaption><\/figure>\n\n<figure class=\"wp-block-pullquote has-medium-font-size\"><blockquote><p>Les d\u00e9placements de population ne sont pas uniquement le probl\u00e8me du Bangladesh : <a>tous<\/a>les [&#8230;] pays membres du Forum des pays vuln\u00e9rables au changement climatique sont confront\u00e9s, d\u2019une mani\u00e8re ou d\u2019une autre, \u00e0 des probl\u00e8mes li\u00e9s aux d\u00e9placements de population. En effet, assurer l\u2019adaptation des populations d\u00e9plac\u00e9es constitue le plus grand d\u00e9fi pos\u00e9 par le changement climatique. Ce serait pour nous un immense honneur que d\u2019autres pays s\u2019inspirent du mod\u00e8le du Bangladesh (\u00e9labor\u00e9 sur la base de la strat\u00e9gie nationale bangladaise de gestion des d\u00e9placements de population) et mettent en place leurs propres programmes de gestion des d\u00e9placements de population.<em><\/em><\/p><cite>&#8211; Syeda Rizwana Hasan, ancienne conseill\u00e8re aupr\u00e8s du minist\u00e8re de l&rsquo;Environnement, des For\u00eats et du Changement climatique du Bangladesh<\/cite><\/blockquote><\/figure>\n\n<h3 id=\"why-does-it-matter\" class=\"wp-block-heading\">Pourquoi est-ce important ?<\/h3>\n\n<p class=\"wp-block-paragraph\">Les d\u00e9placements internes li\u00e9s au climat touchent d\u00e9j\u00e0 des millions de personnes et devraient s&rsquo;intensifier \u00e0 mesure que les effets du changement climatique s&rsquo;accentuent. La<a href=\"https:\/\/www.worldbank.org\/en\/news\/feature\/2021\/09\/13\/millions-on-the-move-in-their-own-countries-the-human-face-of-climate-change\"> Banque mondiale <\/a>estime que jusqu\u2019\u00e0 216 millions de personnes pourraient devenir des migrants climatiques internes d\u2019ici 2050, soulignant la n\u00e9cessit\u00e9 pour les gouvernements d\u2019aller au-del\u00e0 d\u2019une simple r\u00e9action a posteriori face aux d\u00e9placements et de s\u2019y pr\u00e9parer avant que les effets du changement climatique ne contraignent les populations \u00e0 quitter leurs foyers.<\/p>\n\n<p class=\"wp-block-paragraph\">Dans les contextes o\u00f9 les populations choisissent de migrer pour r\u00e9duire leur exposition aux risques climatiques, la migration peut constituer une strat\u00e9gie d\u2019adaptation. Dans d\u2019autres contextes, les facteurs de stress li\u00e9s au climat peuvent contraindre les populations \u00e0 se d\u00e9placer brusquement ou les emp\u00eacher de se r\u00e9installer malgr\u00e9 des risques climatiques croissants ; dans ces cas-l\u00e0, leur choix de migrer est limit\u00e9, voire inexistant, ce qui conduit souvent \u00e0 des conditions de vie pr\u00e9caires. Il est donc essentiel de renforcer la planification des d\u00e9placements li\u00e9s au climat afin de soutenir les populations vuln\u00e9rables aux effets du changement climatique.<\/p>\n\n<p class=\"wp-block-paragraph\">Le mod\u00e8le de planification \u00e9labor\u00e9 dans le cadre du programme SUCCESS pourrait aider les pays \u00e0 adopter une approche plus proactive et fond\u00e9e sur les droits pour g\u00e9rer les d\u00e9placements internes li\u00e9s au climat. S\u2019il \u00e9tait adopt\u00e9 par les \u00c9tats membres du CVF, ce mod\u00e8le constituerait un outil pratique permettant aux gouvernements de renforcer leur planification en mati\u00e8re de d\u00e9placements internes li\u00e9s au climat et de soutenir les efforts visant \u00e0 pr\u00e9server la capacit\u00e9 d\u2019adaptation des migrants internes.<\/p>\n\n<p class=\"wp-block-paragraph\">Plus g\u00e9n\u00e9ralement, cette avanc\u00e9e montre comment les donn\u00e9es issues de recherches ancr\u00e9es au niveau local peuvent \u00e9clairer les politiques et les pratiques au-del\u00e0 des fronti\u00e8res nationales. Ce qui a commenc\u00e9 comme un projet de recherche au Bangladesh a d\u00e9sormais le potentiel de soutenir la planification de l&rsquo;adaptation au sein d&rsquo;une vaste coalition de pays vuln\u00e9rables au changement climatique.<\/p>\n\n<h3 id=\"what-did-clare-do-to-contribute\" class=\"wp-block-heading\">Quelle a \u00e9t\u00e9 la contribution de CLARE ?<\/h3>\n\n<p class=\"wp-block-paragraph\">Le CVF a express\u00e9ment demand\u00e9 \u00e0 la RMRRU d\u2019\u00e9laborer ce mod\u00e8le \u00e0 l\u2019intention de ses \u00c9tats membres, en s\u2019appuyant sur son expertise reconnue et sur l\u2019exp\u00e9rience acquise dans le cadre de ses travaux ant\u00e9rieurs avec le gouvernement du Bangladesh. La RMRRU avait d\u00e9j\u00e0 contribu\u00e9 \u00e0 la strat\u00e9gie nationale pionni\u00e8re du Bangladesh en mati\u00e8re de gestion des d\u00e9placements de population, ainsi qu\u2019au plan d\u2019action qui en a d\u00e9coul\u00e9 concernant les d\u00e9placements induits par le climat, dans le cadre d\u2019un<a href=\"https:\/\/idrc-crdi.ca\/en\/what-we-do\/projects-we-support\/project\/justice-changing-climate\"> projet ant\u00e9rieur sur la justice climatique<\/a>. Le travail de la RMMRU avec SUCCESS a permis de s\u2019appuyer sur cette exp\u00e9rience et de tirer parti des donn\u00e9es et enseignements suppl\u00e9mentaires g\u00e9n\u00e9r\u00e9s par le projet, en \u00e9tendant le champ d\u2019action du Bangladesh afin d\u2019\u00e9clairer les politiques et les mesures prises au sein de l\u2019ensemble du CVF.<\/p>\n\n<p class=\"wp-block-paragraph\">Pour \u00e9tayer ces travaux, l\u2019\u00e9quipe SUCCESS s\u2019est appuy\u00e9e sur les donn\u00e9es qu\u2019elle a recueillies concernant les interventions de relocalisation planifi\u00e9e induites par le changement climatique au Bangladesh, ainsi qu\u2019au Bhoutan, au N\u00e9pal et, en collaboration avec le projet CLARE CLAPS, en Inde. Ces travaux visaient principalement \u00e0 comprendre les logiques d\u00e9cisionnelles qui sous-tendent les programmes de relocalisation, ainsi que leurs impacts sur le bien-\u00eatre des communaut\u00e9s, leur pr\u00e9carit\u00e9 et leur capacit\u00e9 d\u2019adaptation. Gr\u00e2ce \u00e0 un travail de terrain approfondi comprenant des entretiens approfondis, des discussions de groupe et la m\u00e9thodologie \u00ab photovoice \u00bb, cette recherche apporte un \u00e9clairage essentiel sur la mani\u00e8re dont la relocalisation planifi\u00e9e fonctionne concr\u00e8tement en tant que strat\u00e9gie d\u2019adaptation au changement climatique, ce dont l\u2019\u00e9quipe s\u2019est servie pour \u00e9laborer le mod\u00e8le.<\/p>\n\n<p class=\"wp-block-paragraph\">La RMMRU s&rsquo;est appuy\u00e9e sur ces donn\u00e9es pour travailler en \u00e9troite collaboration avec un comit\u00e9 consultatif international compos\u00e9 de repr\u00e9sentants du monde universitaire, des d\u00e9cideurs politiques, des agences de d\u00e9veloppement et des organisations de d\u00e9fense des droits de l&rsquo;homme, qui ont contribu\u00e9 \u00e0 adapter ce mod\u00e8le afin qu&rsquo;il puisse \u00eatre utilis\u00e9 dans le cadre de leurs efforts visant \u00e0 \u00e9laborer des approches nationales de gestion des d\u00e9placements internes li\u00e9s au climat.<\/p>\n\n<p class=\"wp-block-paragraph\">Cette contribution illustre bien l\u2019importance que CLARE accorde \u00e0 la recherche ax\u00e9e sur l\u2019impact, dans la mesure o\u00f9 elle soutient des travaux de recherche qui non seulement font progresser les connaissances, mais exploitent \u00e9galement en permanence les nouvelles donn\u00e9es disponibles afin de fournir aux d\u00e9cideurs des outils concrets pour renforcer l\u2019adaptation au changement climatique. En collaborant directement avec les d\u00e9cideurs et d\u2019autres parties prenantes cl\u00e9s, en adaptant les approches existantes \u00e0 leurs besoins et en saisissant les opportunit\u00e9s qui se pr\u00e9sentent pour traduire les r\u00e9sultats de la recherche en une ressource pratique de planification, SUCCESS a ouvert de nouvelles perspectives pour la recherche men\u00e9e au niveau local, afin d\u2019\u00e9clairer la planification de l\u2019adaptation au changement climatique aux niveaux r\u00e9gional et mondial.<\/p>\n\n<p class=\"wp-block-paragraph\">La RMMRU pr\u00e9voit de poursuivre la diffusion de ce mod\u00e8le en collaboration avec le programme CLARE, par le biais d&rsquo;ateliers r\u00e9gionaux et de webinaires destin\u00e9s aux responsables gouvernementaux, aux agences de d\u00e9veloppement, aux organisations de d\u00e9fense des droits de l&rsquo;homme, aux milieux universitaires et aux organisations de la soci\u00e9t\u00e9 civile des pays membres du CVF. La RMMRU pr\u00e9voit \u00e9galement de cr\u00e9er une plateforme num\u00e9rique de retour d&rsquo;exp\u00e9rience afin d&rsquo;assurer un dialogue continu entre la RMMRU et les pays participants.<\/p>\n\n<figure class=\"wp-block-image aligncenter size-full is-resized\"><img decoding=\"async\" width=\"903\" height=\"602\" src=\"https:\/\/clareprogramme.org\/wp-content\/uploads\/2026\/08\/image-3.jpeg\" alt=\"\" class=\"wp-image-173597\" style=\"aspect-ratio:1.5012468827930174;width:680px;height:auto\" srcset=\"https:\/\/clareprogramme.org\/wp-content\/uploads\/2026\/08\/image-3.jpeg 903w, https:\/\/clareprogramme.org\/wp-content\/uploads\/2026\/08\/image-3-300x200.jpeg 300w, https:\/\/clareprogramme.org\/wp-content\/uploads\/2026\/08\/image-3-768x512.jpeg 768w\" sizes=\"(max-width: 903px) 100vw, 903px\" \/><figcaption class=\"wp-element-caption\">Cr\u00e9dit photo : projet SUCCESS<\/figcaption><\/figure>\n\n<h4 id=\"about-success\" class=\"wp-block-heading\"><strong>\u00c0 propos de SUCCESS<\/strong><\/h4>\n\n<p class=\"wp-block-paragraph\">Le projet <a href=\"https:\/\/clareprogramme.org\/fr\/project\/voies-dintervention-reussies-pour-la-migration-en-tant-quadaptation-success\/\">SUCCESS <\/a>vise \u00e0 g\u00e9n\u00e9rer de nouvelles connaissances sur l&rsquo;\u00e9valuation des mesures d&rsquo;adaptation li\u00e9es \u00e0 la migration, \u00e0 la mobilit\u00e9 et \u00e0 l&rsquo;immobilit\u00e9, et \u00e0 promouvoir des discours fond\u00e9s sur des donn\u00e9es factuelles concernant le r\u00f4le de la migration face au d\u00e9fi que repr\u00e9sente l&rsquo;adaptation aux risques climatiques.<\/p>\n\n<figure class=\"wp-block-image aligncenter size-full is-resized\"><img decoding=\"async\" width=\"903\" height=\"502\" src=\"https:\/\/clareprogramme.org\/wp-content\/uploads\/2026\/08\/image-1-1.png\" alt=\"\" class=\"wp-image-173601\" style=\"aspect-ratio:1.7970149253731342;width:476px;height:auto\" srcset=\"https:\/\/clareprogramme.org\/wp-content\/uploads\/2026\/08\/image-1-1.png 903w, https:\/\/clareprogramme.org\/wp-content\/uploads\/2026\/08\/image-1-1-300x167.png 300w, https:\/\/clareprogramme.org\/wp-content\/uploads\/2026\/08\/image-1-1-766x426.png 766w\" sizes=\"(max-width: 903px) 100vw, 903px\" \/><\/figure>\n\n<h4 id=\"learn-more\" class=\"wp-block-heading\"><strong>En savoir plus :<\/strong><\/h4>\n\n<ul class=\"wp-block-list\">\n<li><a href=\"https:\/\/www.dhakatribune.com\/bangladesh\/bangladesh-environment\/384587\/framework-launched-for-cvf-countries-to-tackle\">Framework launched for CVF countries to tackle climate-induced displacement<\/a> (Dhaka Tribune, 23 juin 2025)<\/li>\n\n\n\n<li><a href=\"https:\/\/www.thedailystar.net\/environment\/climate-change\/news\/rmmru-unveils-displacement-framework-climate-vulnerable-countries\">RMMRU unveils displacement framework for climate vulnerable countries<\/a> (The Daily Star, 23 juin 2025)<\/li>\n\n\n\n<li><a href=\"https:\/\/clareprogramme.org\/output\/supporting-adaptation-related-to-migrant-populations\/\">Supporting adaptation related to migrant populations (brief)<\/a><\/li>\n<\/ul>\n","protected":false},"featured_media":173600,"template":"","categories":[1602],"tags":[],"clare_partners":[858],"clare_projects":[812],"clare_themes":[743],"clare_threads":[],"clare_topics":[615,616,799,602,622],"clare_countries":[747,749,757,773],"clare_pillars":[794],"all_countries":[],"all_keywords":[],"restypes":[],"output_authors":[],"years":[],"all_projects":[],"idrc_languages":[],"class_list":["post-173624","impact","type-impact","status-publish","has-post-thumbnail","hentry","category-impact","clare_partners-rmmru-fr","clare_projects-voies-intervention-reussies-migration-adaptation-success","clare_themes-developpement-dans-un-climat-changeant","clare_topics-adaptation-efficace","clare_topics-egalite-et_inclusion-des-sexes","clare_topics-migration-fr","clare_topics-terres-arides-et-semi-arides","clare_topics-urbain","clare_countries-bangladesh-fr","clare_countries-bhoutan","clare_countries-inde","clare_countries-nepal-fr","clare_pillars-recherche"],"blocksy_meta":{"styles_descriptor":{"styles":{"desktop":"","tablet":"","mobile":""},"google_fonts":[],"version":7}},"acf":[],"aioseo_notices":[],"aioseo_head":"\n\t\t<!-- All in One SEO 5.0.1.1 - aioseo.com -->\n\t<meta name=\"description\" content=\"R\u00e9dig\u00e9 par Tasneem Siddiqui, Mohammad Rashed Alam Bhuiyan, Ekhtekharul Islam et Mahmudol Hasan Rocky Qu&#039;est-ce qui a chang\u00e9? Le projet SUCCESS influence la mani\u00e8re dont certains des pays les plus vuln\u00e9rables au changement climatique se pr\u00e9parent aux d\u00e9placements internes. Le Forum des pays vuln\u00e9rables au changement climatique (CVF), un partenariat regroupant 74 pays touch\u00e9s de\" \/>\n\t<meta name=\"robots\" content=\"max-image-preview:large\" \/>\n\t<meta name=\"google-site-verification\" content=\"Xgbg6vE8oVYVXn42teocL-IwTU90UzJVcVMZ6Y25JOc\" \/>\n\t<meta name=\"msvalidate.01\" content=\"036AC7A7063BA0CA3BB4B6DA1BD77167\" \/>\n\t<link rel=\"canonical\" href=\"https:\/\/clareprogramme.org\/fr\/impact\/recit-de-changement-des-donnees-locales-a-laction-mondiale-les-travaux-de-recherche-du-projet-success-eclairent-la-planification-en-matiere-de-deplacements-lies-au-climat-au-sein-du-foru\/\" \/>\n\t<meta name=\"generator\" content=\"All in One SEO (AIOSEO) 5.0.1.1\" \/>\n\t\t<meta property=\"og:locale\" content=\"fr_FR\" \/>\n\t\t<meta property=\"og:site_name\" content=\"CLARE - CLimate Adaptation &amp; REsilience \u2013 Climate Adaptation &amp; Resilience\" \/>\n\t\t<meta property=\"og:type\" content=\"article\" \/>\n\t\t<meta property=\"og:title\" content=\"R\u00e9cit de changement : des donn\u00e9es locales \u00e0 l\u2019action mondiale \u2013 Les travaux de recherche du projet SUCCESS \u00e9clairent la planification en mati\u00e8re de d\u00e9placements li\u00e9s au climat au sein du Forum des pays vuln\u00e9rables au changement climatique | CLARE - CLimate Adaptation &amp; REsilience\" \/>\n\t\t<meta property=\"og:description\" content=\"R\u00e9dig\u00e9 par Tasneem Siddiqui, Mohammad Rashed Alam Bhuiyan, Ekhtekharul Islam et Mahmudol Hasan Rocky Qu&#039;est-ce qui a chang\u00e9? Le projet SUCCESS influence la mani\u00e8re dont certains des pays les plus vuln\u00e9rables au changement climatique se pr\u00e9parent aux d\u00e9placements internes. Le Forum des pays vuln\u00e9rables au changement climatique (CVF), un partenariat regroupant 74 pays touch\u00e9s de\" \/>\n\t\t<meta property=\"og:url\" content=\"https:\/\/clareprogramme.org\/fr\/impact\/recit-de-changement-des-donnees-locales-a-laction-mondiale-les-travaux-de-recherche-du-projet-success-eclairent-la-planification-en-matiere-de-deplacements-lies-au-climat-au-sein-du-foru\/\" \/>\n\t\t<meta property=\"og:image\" content=\"https:\/\/clareprogramme.org\/wp-content\/uploads\/2026\/08\/image-11.png\" \/>\n\t\t<meta property=\"og:image:secure_url\" content=\"https:\/\/clareprogramme.org\/wp-content\/uploads\/2026\/08\/image-11.png\" \/>\n\t\t<meta property=\"og:image:width\" content=\"902\" \/>\n\t\t<meta property=\"og:image:height\" content=\"476\" \/>\n\t\t<meta property=\"article:published_time\" content=\"2026-08-31T17:10:32+00:00\" \/>\n\t\t<meta property=\"article:modified_time\" content=\"2026-08-31T17:10:50+00:00\" \/>\n\t\t<meta name=\"twitter:card\" content=\"summary_large_image\" \/>\n\t\t<meta name=\"twitter:title\" content=\"R\u00e9cit de changement : des donn\u00e9es locales \u00e0 l\u2019action mondiale \u2013 Les travaux de recherche du projet SUCCESS \u00e9clairent la planification en mati\u00e8re de d\u00e9placements li\u00e9s au climat au sein du Forum des pays vuln\u00e9rables au changement climatique | CLARE - CLimate Adaptation &amp; REsilience\" \/>\n\t\t<meta name=\"twitter:description\" content=\"R\u00e9dig\u00e9 par Tasneem Siddiqui, Mohammad Rashed Alam Bhuiyan, Ekhtekharul Islam et Mahmudol Hasan Rocky Qu&#039;est-ce qui a chang\u00e9? Le projet SUCCESS influence la mani\u00e8re dont certains des pays les plus vuln\u00e9rables au changement climatique se pr\u00e9parent aux d\u00e9placements internes. Le Forum des pays vuln\u00e9rables au changement climatique (CVF), un partenariat regroupant 74 pays touch\u00e9s de\" \/>\n\t\t<meta name=\"twitter:image\" content=\"https:\/\/clareprogramme.org\/wp-content\/uploads\/2026\/08\/image-11.png\" \/>\n\t\t<script type=\"application\/ld+json\" class=\"aioseo-schema\">\n\t\t\t{\"@context\":\"https:\\\/\\\/schema.org\",\"@graph\":[{\"@type\":\"BreadcrumbList\",\"@id\":\"https:\\\/\\\/clareprogramme.org\\\/fr\\\/impact\\\/recit-de-changement-des-donnees-locales-a-laction-mondiale-les-travaux-de-recherche-du-projet-success-eclairent-la-planification-en-matiere-de-deplacements-lies-au-climat-au-sein-du-foru\\\/#breadcrumblist\",\"itemListElement\":[{\"@type\":\"ListItem\",\"@id\":\"https:\\\/\\\/clareprogramme.org\\\/fr\\\/#listItem\",\"position\":1,\"name\":\"Home\",\"item\":\"https:\\\/\\\/clareprogramme.org\\\/fr\\\/\",\"nextItem\":{\"@type\":\"ListItem\",\"@id\":\"https:\\\/\\\/clareprogramme.org\\\/fr\\\/clare-impacts\\\/#listItem\",\"name\":\"Impact stories\"}},{\"@type\":\"ListItem\",\"@id\":\"https:\\\/\\\/clareprogramme.org\\\/fr\\\/clare-impacts\\\/#listItem\",\"position\":2,\"name\":\"Impact stories\",\"item\":\"https:\\\/\\\/clareprogramme.org\\\/fr\\\/clare-impacts\\\/\",\"nextItem\":{\"@type\":\"ListItem\",\"@id\":\"https:\\\/\\\/clareprogramme.org\\\/fr\\\/category\\\/impact\\\/#listItem\",\"name\":\"Impact\"},\"previousItem\":{\"@type\":\"ListItem\",\"@id\":\"https:\\\/\\\/clareprogramme.org\\\/fr\\\/#listItem\",\"name\":\"Home\"}},{\"@type\":\"ListItem\",\"@id\":\"https:\\\/\\\/clareprogramme.org\\\/fr\\\/category\\\/impact\\\/#listItem\",\"position\":3,\"name\":\"Impact\",\"item\":\"https:\\\/\\\/clareprogramme.org\\\/fr\\\/category\\\/impact\\\/\",\"nextItem\":{\"@type\":\"ListItem\",\"@id\":\"https:\\\/\\\/clareprogramme.org\\\/fr\\\/impact\\\/recit-de-changement-des-donnees-locales-a-laction-mondiale-les-travaux-de-recherche-du-projet-success-eclairent-la-planification-en-matiere-de-deplacements-lies-au-climat-au-sein-du-foru\\\/#listItem\",\"name\":\"R\\u00e9cit de changement : des donn\\u00e9es locales \\u00e0 l&rsquo;action mondiale \\u2013 Les travaux de recherche du projet SUCCESS \\u00e9clairent la planification en mati\\u00e8re de d\\u00e9placements li\\u00e9s au climat au sein du Forum des pays vuln\\u00e9rables au changement climatique\"},\"previousItem\":{\"@type\":\"ListItem\",\"@id\":\"https:\\\/\\\/clareprogramme.org\\\/fr\\\/clare-impacts\\\/#listItem\",\"name\":\"Impact stories\"}},{\"@type\":\"ListItem\",\"@id\":\"https:\\\/\\\/clareprogramme.org\\\/fr\\\/impact\\\/recit-de-changement-des-donnees-locales-a-laction-mondiale-les-travaux-de-recherche-du-projet-success-eclairent-la-planification-en-matiere-de-deplacements-lies-au-climat-au-sein-du-foru\\\/#listItem\",\"position\":4,\"name\":\"R\\u00e9cit de changement : des donn\\u00e9es locales \\u00e0 l&rsquo;action mondiale \\u2013 Les travaux de recherche du projet SUCCESS \\u00e9clairent la planification en mati\\u00e8re de d\\u00e9placements li\\u00e9s au climat au sein du Forum des pays vuln\\u00e9rables au changement climatique\",\"previousItem\":{\"@type\":\"ListItem\",\"@id\":\"https:\\\/\\\/clareprogramme.org\\\/fr\\\/category\\\/impact\\\/#listItem\",\"name\":\"Impact\"}}]},{\"@type\":\"Organization\",\"@id\":\"https:\\\/\\\/clareprogramme.org\\\/fr\\\/#organization\",\"name\":\"CLARE - CLimate Adaptation & REsilience\",\"description\":\"Climate Adaptation & Resilience\",\"url\":\"https:\\\/\\\/clareprogramme.org\\\/fr\\\/\",\"logo\":{\"@type\":\"ImageObject\",\"url\":\"https:\\\/\\\/clareprogramme.org\\\/wp-content\\\/uploads\\\/2023\\\/12\\\/clare-logo_fr-landscape.png\",\"@id\":\"https:\\\/\\\/clareprogramme.org\\\/fr\\\/impact\\\/recit-de-changement-des-donnees-locales-a-laction-mondiale-les-travaux-de-recherche-du-projet-success-eclairent-la-planification-en-matiere-de-deplacements-lies-au-climat-au-sein-du-foru\\\/#organizationLogo\",\"width\":1440,\"height\":354,\"caption\":\"CLARE logo French\"},\"image\":{\"@id\":\"https:\\\/\\\/clareprogramme.org\\\/fr\\\/impact\\\/recit-de-changement-des-donnees-locales-a-laction-mondiale-les-travaux-de-recherche-du-projet-success-eclairent-la-planification-en-matiere-de-deplacements-lies-au-climat-au-sein-du-foru\\\/#organizationLogo\"}},{\"@type\":\"WebPage\",\"@id\":\"https:\\\/\\\/clareprogramme.org\\\/fr\\\/impact\\\/recit-de-changement-des-donnees-locales-a-laction-mondiale-les-travaux-de-recherche-du-projet-success-eclairent-la-planification-en-matiere-de-deplacements-lies-au-climat-au-sein-du-foru\\\/#webpage\",\"url\":\"https:\\\/\\\/clareprogramme.org\\\/fr\\\/impact\\\/recit-de-changement-des-donnees-locales-a-laction-mondiale-les-travaux-de-recherche-du-projet-success-eclairent-la-planification-en-matiere-de-deplacements-lies-au-climat-au-sein-du-foru\\\/\",\"name\":\"R\\u00e9cit de changement : des donn\\u00e9es locales \\u00e0 l\\u2019action mondiale \\u2013 Les travaux de recherche du projet SUCCESS \\u00e9clairent la planification en mati\\u00e8re de d\\u00e9placements li\\u00e9s au climat au sein du Forum des pays vuln\\u00e9rables au changement climatique | CLARE - CLimate Adaptation & REsilience\",\"description\":\"R\\u00e9dig\\u00e9 par Tasneem Siddiqui, Mohammad Rashed Alam Bhuiyan, Ekhtekharul Islam et Mahmudol Hasan Rocky Qu'est-ce qui a chang\\u00e9? Le projet SUCCESS influence la mani\\u00e8re dont certains des pays les plus vuln\\u00e9rables au changement climatique se pr\\u00e9parent aux d\\u00e9placements internes. Le Forum des pays vuln\\u00e9rables au changement climatique (CVF), un partenariat regroupant 74 pays touch\\u00e9s de\",\"inLanguage\":\"fr-FR\",\"isPartOf\":{\"@id\":\"https:\\\/\\\/clareprogramme.org\\\/fr\\\/#website\"},\"breadcrumb\":{\"@id\":\"https:\\\/\\\/clareprogramme.org\\\/fr\\\/impact\\\/recit-de-changement-des-donnees-locales-a-laction-mondiale-les-travaux-de-recherche-du-projet-success-eclairent-la-planification-en-matiere-de-deplacements-lies-au-climat-au-sein-du-foru\\\/#breadcrumblist\"},\"image\":{\"@type\":\"ImageObject\",\"url\":\"https:\\\/\\\/clareprogramme.org\\\/wp-content\\\/uploads\\\/2026\\\/08\\\/image-11.png\",\"@id\":\"https:\\\/\\\/clareprogramme.org\\\/fr\\\/impact\\\/recit-de-changement-des-donnees-locales-a-laction-mondiale-les-travaux-de-recherche-du-projet-success-eclairent-la-planification-en-matiere-de-deplacements-lies-au-climat-au-sein-du-foru\\\/#mainImage\",\"width\":902,\"height\":476},\"primaryImageOfPage\":{\"@id\":\"https:\\\/\\\/clareprogramme.org\\\/fr\\\/impact\\\/recit-de-changement-des-donnees-locales-a-laction-mondiale-les-travaux-de-recherche-du-projet-success-eclairent-la-planification-en-matiere-de-deplacements-lies-au-climat-au-sein-du-foru\\\/#mainImage\"},\"datePublished\":\"2026-08-31T13:10:32-04:00\",\"dateModified\":\"2026-08-31T13:10:50-04:00\"},{\"@type\":\"WebSite\",\"@id\":\"https:\\\/\\\/clareprogramme.org\\\/fr\\\/#website\",\"url\":\"https:\\\/\\\/clareprogramme.org\\\/fr\\\/\",\"name\":\"CLARE - CLimate Adaptation & REsilience\",\"description\":\"Climate Adaptation & Resilience\",\"inLanguage\":\"fr-FR\",\"publisher\":{\"@id\":\"https:\\\/\\\/clareprogramme.org\\\/fr\\\/#organization\"}}]}\n\t\t<\/script>\n\t\t<!-- All in One SEO -->\n\n","aioseo_head_json":{"title":"R\u00e9cit de changement : des donn\u00e9es locales \u00e0 l\u2019action mondiale \u2013 Les travaux de recherche du projet SUCCESS \u00e9clairent la planification en mati\u00e8re de d\u00e9placements li\u00e9s au climat au sein du Forum des pays vuln\u00e9rables au changement climatique | CLARE - CLimate Adaptation & REsilience","description":"R\u00e9dig\u00e9 par Tasneem Siddiqui, Mohammad Rashed Alam Bhuiyan, Ekhtekharul Islam et Mahmudol Hasan Rocky Qu'est-ce qui a chang\u00e9? Le projet SUCCESS influence la mani\u00e8re dont certains des pays les plus vuln\u00e9rables au changement climatique se pr\u00e9parent aux d\u00e9placements internes. Le Forum des pays vuln\u00e9rables au changement climatique (CVF), un partenariat regroupant 74 pays touch\u00e9s de","canonical_url":"https:\/\/clareprogramme.org\/fr\/impact\/recit-de-changement-des-donnees-locales-a-laction-mondiale-les-travaux-de-recherche-du-projet-success-eclairent-la-planification-en-matiere-de-deplacements-lies-au-climat-au-sein-du-foru\/","robots":"max-image-preview:large","keywords":"","webmasterTools":{"google-site-verification":"Xgbg6vE8oVYVXn42teocL-IwTU90UzJVcVMZ6Y25JOc","msvalidate.01":"036AC7A7063BA0CA3BB4B6DA1BD77167","miscellaneous":""},"schema":{"@context":"https:\/\/schema.org","@graph":[{"@type":"BreadcrumbList","@id":"https:\/\/clareprogramme.org\/fr\/impact\/recit-de-changement-des-donnees-locales-a-laction-mondiale-les-travaux-de-recherche-du-projet-success-eclairent-la-planification-en-matiere-de-deplacements-lies-au-climat-au-sein-du-foru\/#breadcrumblist","itemListElement":[{"@type":"ListItem","@id":"https:\/\/clareprogramme.org\/fr\/#listItem","position":1,"name":"Home","item":"https:\/\/clareprogramme.org\/fr\/","nextItem":{"@type":"ListItem","@id":"https:\/\/clareprogramme.org\/fr\/clare-impacts\/#listItem","name":"Impact stories"}},{"@type":"ListItem","@id":"https:\/\/clareprogramme.org\/fr\/clare-impacts\/#listItem","position":2,"name":"Impact stories","item":"https:\/\/clareprogramme.org\/fr\/clare-impacts\/","nextItem":{"@type":"ListItem","@id":"https:\/\/clareprogramme.org\/fr\/category\/impact\/#listItem","name":"Impact"},"previousItem":{"@type":"ListItem","@id":"https:\/\/clareprogramme.org\/fr\/#listItem","name":"Home"}},{"@type":"ListItem","@id":"https:\/\/clareprogramme.org\/fr\/category\/impact\/#listItem","position":3,"name":"Impact","item":"https:\/\/clareprogramme.org\/fr\/category\/impact\/","nextItem":{"@type":"ListItem","@id":"https:\/\/clareprogramme.org\/fr\/impact\/recit-de-changement-des-donnees-locales-a-laction-mondiale-les-travaux-de-recherche-du-projet-success-eclairent-la-planification-en-matiere-de-deplacements-lies-au-climat-au-sein-du-foru\/#listItem","name":"R\u00e9cit de changement : des donn\u00e9es locales \u00e0 l&rsquo;action mondiale \u2013 Les travaux de recherche du projet SUCCESS \u00e9clairent la planification en mati\u00e8re de d\u00e9placements li\u00e9s au climat au sein du Forum des pays vuln\u00e9rables au changement climatique"},"previousItem":{"@type":"ListItem","@id":"https:\/\/clareprogramme.org\/fr\/clare-impacts\/#listItem","name":"Impact stories"}},{"@type":"ListItem","@id":"https:\/\/clareprogramme.org\/fr\/impact\/recit-de-changement-des-donnees-locales-a-laction-mondiale-les-travaux-de-recherche-du-projet-success-eclairent-la-planification-en-matiere-de-deplacements-lies-au-climat-au-sein-du-foru\/#listItem","position":4,"name":"R\u00e9cit de changement : des donn\u00e9es locales \u00e0 l&rsquo;action mondiale \u2013 Les travaux de recherche du projet SUCCESS \u00e9clairent la planification en mati\u00e8re de d\u00e9placements li\u00e9s au climat au sein du Forum des pays vuln\u00e9rables au changement climatique","previousItem":{"@type":"ListItem","@id":"https:\/\/clareprogramme.org\/fr\/category\/impact\/#listItem","name":"Impact"}}]},{"@type":"Organization","@id":"https:\/\/clareprogramme.org\/fr\/#organization","name":"CLARE - CLimate Adaptation & REsilience","description":"Climate Adaptation & Resilience","url":"https:\/\/clareprogramme.org\/fr\/","logo":{"@type":"ImageObject","url":"https:\/\/clareprogramme.org\/wp-content\/uploads\/2023\/12\/clare-logo_fr-landscape.png","@id":"https:\/\/clareprogramme.org\/fr\/impact\/recit-de-changement-des-donnees-locales-a-laction-mondiale-les-travaux-de-recherche-du-projet-success-eclairent-la-planification-en-matiere-de-deplacements-lies-au-climat-au-sein-du-foru\/#organizationLogo","width":1440,"height":354,"caption":"CLARE logo French"},"image":{"@id":"https:\/\/clareprogramme.org\/fr\/impact\/recit-de-changement-des-donnees-locales-a-laction-mondiale-les-travaux-de-recherche-du-projet-success-eclairent-la-planification-en-matiere-de-deplacements-lies-au-climat-au-sein-du-foru\/#organizationLogo"}},{"@type":"WebPage","@id":"https:\/\/clareprogramme.org\/fr\/impact\/recit-de-changement-des-donnees-locales-a-laction-mondiale-les-travaux-de-recherche-du-projet-success-eclairent-la-planification-en-matiere-de-deplacements-lies-au-climat-au-sein-du-foru\/#webpage","url":"https:\/\/clareprogramme.org\/fr\/impact\/recit-de-changement-des-donnees-locales-a-laction-mondiale-les-travaux-de-recherche-du-projet-success-eclairent-la-planification-en-matiere-de-deplacements-lies-au-climat-au-sein-du-foru\/","name":"R\u00e9cit de changement : des donn\u00e9es locales \u00e0 l\u2019action mondiale \u2013 Les travaux de recherche du projet SUCCESS \u00e9clairent la planification en mati\u00e8re de d\u00e9placements li\u00e9s au climat au sein du Forum des pays vuln\u00e9rables au changement climatique | CLARE - CLimate Adaptation & REsilience","description":"R\u00e9dig\u00e9 par Tasneem Siddiqui, Mohammad Rashed Alam Bhuiyan, Ekhtekharul Islam et Mahmudol Hasan Rocky Qu'est-ce qui a chang\u00e9? Le projet SUCCESS influence la mani\u00e8re dont certains des pays les plus vuln\u00e9rables au changement climatique se pr\u00e9parent aux d\u00e9placements internes. Le Forum des pays vuln\u00e9rables au changement climatique (CVF), un partenariat regroupant 74 pays touch\u00e9s de","inLanguage":"fr-FR","isPartOf":{"@id":"https:\/\/clareprogramme.org\/fr\/#website"},"breadcrumb":{"@id":"https:\/\/clareprogramme.org\/fr\/impact\/recit-de-changement-des-donnees-locales-a-laction-mondiale-les-travaux-de-recherche-du-projet-success-eclairent-la-planification-en-matiere-de-deplacements-lies-au-climat-au-sein-du-foru\/#breadcrumblist"},"image":{"@type":"ImageObject","url":"https:\/\/clareprogramme.org\/wp-content\/uploads\/2026\/08\/image-11.png","@id":"https:\/\/clareprogramme.org\/fr\/impact\/recit-de-changement-des-donnees-locales-a-laction-mondiale-les-travaux-de-recherche-du-projet-success-eclairent-la-planification-en-matiere-de-deplacements-lies-au-climat-au-sein-du-foru\/#mainImage","width":902,"height":476},"primaryImageOfPage":{"@id":"https:\/\/clareprogramme.org\/fr\/impact\/recit-de-changement-des-donnees-locales-a-laction-mondiale-les-travaux-de-recherche-du-projet-success-eclairent-la-planification-en-matiere-de-deplacements-lies-au-climat-au-sein-du-foru\/#mainImage"},"datePublished":"2026-08-31T13:10:32-04:00","dateModified":"2026-08-31T13:10:50-04:00"},{"@type":"WebSite","@id":"https:\/\/clareprogramme.org\/fr\/#website","url":"https:\/\/clareprogramme.org\/fr\/","name":"CLARE - CLimate Adaptation & REsilience","description":"Climate Adaptation & Resilience","inLanguage":"fr-FR","publisher":{"@id":"https:\/\/clareprogramme.org\/fr\/#organization"}}]},"og:locale":"fr_FR","og:site_name":"CLARE - CLimate Adaptation &amp; REsilience \u2013 Climate Adaptation &amp; Resilience","og:type":"article","og:title":"R\u00e9cit de changement : des donn\u00e9es locales \u00e0 l\u2019action mondiale \u2013 Les travaux de recherche du projet SUCCESS \u00e9clairent la planification en mati\u00e8re de d\u00e9placements li\u00e9s au climat au sein du Forum des pays vuln\u00e9rables au changement climatique | CLARE - CLimate Adaptation &amp; REsilience","og:description":"R\u00e9dig\u00e9 par Tasneem Siddiqui, Mohammad Rashed Alam Bhuiyan, Ekhtekharul Islam et Mahmudol Hasan Rocky Qu'est-ce qui a chang\u00e9? Le projet SUCCESS influence la mani\u00e8re dont certains des pays les plus vuln\u00e9rables au changement climatique se pr\u00e9parent aux d\u00e9placements internes. Le Forum des pays vuln\u00e9rables au changement climatique (CVF), un partenariat regroupant 74 pays touch\u00e9s de","og:url":"https:\/\/clareprogramme.org\/fr\/impact\/recit-de-changement-des-donnees-locales-a-laction-mondiale-les-travaux-de-recherche-du-projet-success-eclairent-la-planification-en-matiere-de-deplacements-lies-au-climat-au-sein-du-foru\/","og:image":"https:\/\/clareprogramme.org\/wp-content\/uploads\/2026\/08\/image-11.png","og:image:secure_url":"https:\/\/clareprogramme.org\/wp-content\/uploads\/2026\/08\/image-11.png","og:image:width":902,"og:image:height":476,"article:published_time":"2026-08-31T17:10:32+00:00","article:modified_time":"2026-08-31T17:10:50+00:00","twitter:card":"summary_large_image","twitter:title":"R\u00e9cit de changement : des donn\u00e9es locales \u00e0 l\u2019action mondiale \u2013 Les travaux de recherche du projet SUCCESS \u00e9clairent la planification en mati\u00e8re de d\u00e9placements li\u00e9s au climat au sein du Forum des pays vuln\u00e9rables au changement climatique | CLARE - CLimate Adaptation &amp; REsilience","twitter:description":"R\u00e9dig\u00e9 par Tasneem Siddiqui, Mohammad Rashed Alam Bhuiyan, Ekhtekharul Islam et Mahmudol Hasan Rocky Qu'est-ce qui a chang\u00e9? Le projet SUCCESS influence la mani\u00e8re dont certains des pays les plus vuln\u00e9rables au changement climatique se pr\u00e9parent aux d\u00e9placements internes. Le Forum des pays vuln\u00e9rables au changement climatique (CVF), un partenariat regroupant 74 pays touch\u00e9s de","twitter:image":"https:\/\/clareprogramme.org\/wp-content\/uploads\/2026\/08\/image-11.png"},"aioseo_meta_data":{"post_id":"173624","title":null,"description":null,"keywords":null,"keyphrases":{"focus":{"keyphrase":"","score":0,"analysis":{"keyphraseInTitle":{"score":0,"maxScore":9,"error":1}}},"additional":[]},"primary_term":null,"canonical_url":null,"og_title":null,"og_description":null,"og_object_type":"default","og_image_type":"default","og_image_url":null,"og_image_width":null,"og_image_height":null,"og_image_custom_url":null,"og_image_custom_fields":null,"og_video":"","og_custom_url":null,"og_article_section":null,"og_article_tags":null,"twitter_use_og":false,"twitter_card":"default","twitter_image_type":"default","twitter_image_url":null,"twitter_image_custom_url":null,"twitter_image_custom_fields":null,"twitter_title":null,"twitter_description":null,"schema":{"blockGraphs":[],"customGraphs":[],"default":{"data":{"Article":[],"Course":[],"Dataset":[],"FAQPage":[],"Movie":[],"Person":[],"Product":[],"ProductReview":[],"Car":[],"Recipe":[],"Service":[],"SoftwareApplication":[],"WebPage":[]},"graphName":"WebPage","isEnabled":true},"graphs":[]},"schema_type":"default","schema_type_options":null,"pillar_content":false,"robots_default":true,"robots_noindex":false,"robots_noarchive":false,"robots_nosnippet":false,"robots_nofollow":false,"robots_noimageindex":false,"robots_noodp":false,"robots_notranslate":false,"robots_max_snippet":"-1","robots_max_videopreview":"-1","robots_max_imagepreview":"large","priority":null,"frequency":"default","local_seo":null,"breadcrumb_settings":null,"limit_modified_date":false,"created":"2026-08-31 17:08:12","updated":"2026-08-31 17:12:07","ai":{"faqs":[],"keyPoints":[],"schemas":[],"titles":[],"descriptions":[],"socialPosts":{"email":{"subject":"","preview":"","content":""},"linkedin":[],"twitter":[],"facebook":[],"instagram":[]}},"seo_analyzer_scan_date":null,"focus_keyword":null,"additional_keywords":null,"truseo_locale":null},"aioseo_breadcrumb":"<div class=\"aioseo-breadcrumbs\"><span class=\"aioseo-breadcrumb\">\n\t\t\t<a href=\"https:\/\/clareprogramme.org\/fr\/\" title=\"Home\">Home<\/a>\n\t\t<\/span><span class=\"aioseo-breadcrumb-separator\">\u00bb<\/span><span class=\"aioseo-breadcrumb\">\n\t\t\t<a href=\"https:\/\/clareprogramme.org\/fr\/clare-impacts\/\" title=\"Impact stories\">Impact stories<\/a>\n\t\t<\/span><span class=\"aioseo-breadcrumb-separator\">\u00bb<\/span><span class=\"aioseo-breadcrumb\">\n\t\t\t<a href=\"https:\/\/clareprogramme.org\/fr\/category\/impact\/\" title=\"Impact\">Impact<\/a>\n\t\t<\/span><span class=\"aioseo-breadcrumb-separator\">\u00bb<\/span><span class=\"aioseo-breadcrumb\">\n\t\t\tR\u00e9cit de changement : des donn\u00e9es locales \u00e0 l\u2019action mondiale \u2013 Les travaux de recherche du projet SUCCESS \u00e9clairent la planification en mati\u00e8re de d\u00e9placements li\u00e9s au climat au sein du Forum des pays vuln\u00e9rables au changement climatique\n\t\t<\/span><\/div>","aioseo_breadcrumb_json":[{"label":"Home","link":"https:\/\/clareprogramme.org\/fr\/"},{"label":"Impact stories","link":"https:\/\/clareprogramme.org\/fr\/clare-impacts\/"},{"label":"Impact","link":"https:\/\/clareprogramme.org\/fr\/category\/impact\/"},{"label":"R\u00e9cit de changement : des donn\u00e9es locales \u00e0 l&rsquo;action mondiale \u2013 Les travaux de recherche du projet SUCCESS \u00e9clairent la planification en mati\u00e8re de d\u00e9placements li\u00e9s au climat au sein du Forum des pays vuln\u00e9rables au changement climatique","link":"https:\/\/clareprogramme.org\/fr\/impact\/recit-de-changement-des-donnees-locales-a-laction-mondiale-les-travaux-de-recherche-du-projet-success-eclairent-la-planification-en-matiere-de-deplacements-lies-au-climat-au-sein-du-foru\/"}],"_links":{"self":[{"href":"https:\/\/clareprogramme.org\/fr\/wp-json\/wp\/v2\/impact\/173624","targetHints":{"allow":["GET"]}}],"collection":[{"href":"https:\/\/clareprogramme.org\/fr\/wp-json\/wp\/v2\/impact"}],"about":[{"href":"https:\/\/clareprogramme.org\/fr\/wp-json\/wp\/v2\/types\/impact"}],"wp:featuredmedia":[{"embeddable":true,"href":"https:\/\/clareprogramme.org\/fr\/wp-json\/wp\/v2\/media\/173600"}],"wp:attachment":[{"href":"https:\/\/clareprogramme.org\/fr\/wp-json\/wp\/v2\/media?parent=173624"}],"wp:term":[{"taxonomy":"category","embeddable":true,"href":"https:\/\/clareprogramme.org\/fr\/wp-json\/wp\/v2\/categories?post=173624"},{"taxonomy":"post_tag","embeddable":true,"href":"https:\/\/clareprogramme.org\/fr\/wp-json\/wp\/v2\/tags?post=173624"},{"taxonomy":"clare_partners","embeddable":true,"href":"https:\/\/clareprogramme.org\/fr\/wp-json\/wp\/v2\/clare_partners?post=173624"},{"taxonomy":"clare_projects","embeddable":true,"href":"https:\/\/clareprogramme.org\/fr\/wp-json\/wp\/v2\/clare_projects?post=173624"},{"taxonomy":"clare_themes","embeddable":true,"href":"https:\/\/clareprogramme.org\/fr\/wp-json\/wp\/v2\/clare_themes?post=173624"},{"taxonomy":"clare_threads","embeddable":true,"href":"https:\/\/clareprogramme.org\/fr\/wp-json\/wp\/v2\/clare_threads?post=173624"},{"taxonomy":"clare_topics","embeddable":true,"href":"https:\/\/clareprogramme.org\/fr\/wp-json\/wp\/v2\/clare_topics?post=173624"},{"taxonomy":"clare_countries","embeddable":true,"href":"https:\/\/clareprogramme.org\/fr\/wp-json\/wp\/v2\/clare_countries?post=173624"},{"taxonomy":"clare_pillars","embeddable":true,"href":"https:\/\/clareprogramme.org\/fr\/wp-json\/wp\/v2\/clare_pillars?post=173624"},{"taxonomy":"all_countries","embeddable":true,"href":"https:\/\/clareprogramme.org\/fr\/wp-json\/wp\/v2\/all_countries?post=173624"},{"taxonomy":"all_keywords","embeddable":true,"href":"https:\/\/clareprogramme.org\/fr\/wp-json\/wp\/v2\/all_keywords?post=173624"},{"taxonomy":"restypes","embeddable":true,"href":"https:\/\/clareprogramme.org\/fr\/wp-json\/wp\/v2\/restypes?post=173624"},{"taxonomy":"output_authors","embeddable":true,"href":"https:\/\/clareprogramme.org\/fr\/wp-json\/wp\/v2\/output_authors?post=173624"},{"taxonomy":"years","embeddable":true,"href":"https:\/\/clareprogramme.org\/fr\/wp-json\/wp\/v2\/years?post=173624"},{"taxonomy":"all_projects","embeddable":true,"href":"https:\/\/clareprogramme.org\/fr\/wp-json\/wp\/v2\/all_projects?post=173624"},{"taxonomy":"idrc_languages","embeddable":true,"href":"https:\/\/clareprogramme.org\/fr\/wp-json\/wp\/v2\/idrc_languages?post=173624"}],"curies":[{"name":"wp","href":"https:\/\/api.w.org\/{rel}","templated":true}]}}