{"id":173666,"date":"2026-09-02T15:41:13","date_gmt":"2026-09-02T19:41:13","guid":{"rendered":"https:\/\/clareprogramme.org\/impact\/recit-de-changement-renforcement-des-capacites-en-matiere-de-services-climatiques-pour-une-adaptation-inclusive-au-malawi\/"},"modified":"2026-09-02T15:56:50","modified_gmt":"2026-09-02T19:56:50","slug":"recit-de-changement-renforcement-des-capacites-en-matiere-de-services-climatiques-pour-une-adaptation-inclusive-au-malawi","status":"publish","type":"impact","link":"https:\/\/clareprogramme.org\/fr\/impact\/recit-de-changement-renforcement-des-capacites-en-matiere-de-services-climatiques-pour-une-adaptation-inclusive-au-malawi\/","title":{"rendered":"R\u00e9cit de changement : Renforcement des capacit\u00e9s en mati\u00e8re de services climatiques pour une adaptation inclusive au Malawi"},"content":{"rendered":"\n<p class=\"wp-block-paragraph\"><em>R\u00e9dig\u00e9 par Charles Vanya, James Pagona, Kristel Fourie, Edwin Tadeyo, Chance Muwama, Maynard, Nyirenda Elizabeth Kendall, Fran\u00e7ois Engelbrecht, Luis Artur, Jeff Neal et Christel Prudhomme<\/em><\/p>\n\n<h3 id=\"what-changed\" class=\"wp-block-heading\">Qu&rsquo;est-ce qui a chang\u00e9 ?<\/h3>\n\n<p class=\"wp-block-paragraph\">Au Malawi, les autorit\u00e9s locales sont d\u00e9sormais en mesure d\u2019exploiter plus efficacement les recherches climatiques pour soutenir une adaptation inclusive, gr\u00e2ce aux contributions du projet REPRESA. Le D\u00e9partement du changement climatique et des services m\u00e9t\u00e9orologiques du Malawi (DCCMS) intensifie ses efforts pour rendre les services m\u00e9t\u00e9orologiques et climatiques plus participatifs et plus ancr\u00e9s dans les communaut\u00e9s, en s&rsquo;appuyant sur les approches existantes et les contributions d&rsquo;autres programmes. En ancrant davantage la prestation de ses services climatiques au niveau local et en la rendant plus inclusive, le DCCMS augmente les chances que les alertes pr\u00e9coces d\u00e9bouchent sur des mesures de protection prises en temps opportun lors d&rsquo;\u00e9v\u00e9nements m\u00e9t\u00e9orologiques dangereux, en particulier au sein des communaut\u00e9s vuln\u00e9rables.<\/p>\n\n<p class=\"wp-block-paragraph\">Gr\u00e2ce \u00e0 une interaction directe avec les communaut\u00e9s des districts expos\u00e9s aux inondations et aux cyclones, le DCCMS a commenc\u00e9 \u00e0 coproduire des messages d\u2019alerte, \u00e0 am\u00e9liorer les boucles de r\u00e9troaction et \u00e0 rendre les informations climatiques plus accessibles par le biais des langues locales et d\u2019interm\u00e9diaires de confiance. Cela inclut des ateliers de traduction terminologique en anglais, en chichewa et en sena, qui sont all\u00e9s au-del\u00e0 de la simple traduction litt\u00e9rale des mots pour favoriser la compr\u00e9hension et l\u2019adh\u00e9sion des communaut\u00e9s \u00e0 des concepts tels que le cyclone tropical, l\u2019intensit\u00e9 et les m\u00e9canismes de d\u00e9clenchement. Le programme REPRESA a \u00e9galement soutenu la formation des responsables communautaires et des jeunes b\u00e9n\u00e9voles \u00e0 l\u2019interpr\u00e9tation des alertes scientifiques en cas d\u2019inondation, contribuant ainsi \u00e0 faciliter l\u2019int\u00e9gration des savoirs traditionnels et des pr\u00e9visions scientifiques, tout en accordant une attention particuli\u00e8re aux besoins des femmes, des personnes \u00e2g\u00e9es, des jeunes et des personnes en situation de handicap.<\/p>\n\n<p class=\"wp-block-paragraph\">Dans le cadre de sa participation au projet REPRESA, REPRESA a soutenu des formations sur l\u2019interpr\u00e9tation de GloFAS, la cartographie des risques d\u2019inondation et les derni\u00e8res projections climatiques, ainsi que l\u2019acc\u00e8s local aux projections climatiques \u00e0 l\u2019\u00e9chelle du kilom\u00e8tre et \u00e0 la cartographie des risques d\u2019inondation de REPRESA, sans oublier des formations sur les outils d\u2019analyse. Ces activit\u00e9s ont contribu\u00e9 \u00e0 rendre les informations climatiques plus pertinentes et exploitables pour les communaut\u00e9s vuln\u00e9rables dont les moyens de subsistance sont fortement expos\u00e9s aux al\u00e9as climatiques. Parall\u00e8lement, REPRESA a renforc\u00e9 les relations institutionnelles du DCCMS avec des acteurs cl\u00e9s, notamment des instituts de recherche, des agences de gestion des catastrophes, des ONG et des responsables communautaires, contribuant ainsi \u00e0 relier plus efficacement les connaissances scientifiques, les syst\u00e8mes de communication et les m\u00e9canismes d\u2019intervention locaux.<\/p>\n\n<figure class=\"wp-block-gallery has-nested-images columns-default is-cropped wp-block-gallery-1 is-layout-flex wp-block-gallery-is-layout-flex\">\n<figure class=\"wp-block-image size-large\"><img fetchpriority=\"high\" decoding=\"async\" width=\"1436\" height=\"1920\" data-id=\"173654\" src=\"https:\/\/clareprogramme.org\/wp-content\/uploads\/2026\/09\/First-Aid-Kit-support-to-the-community-by-REPRESA-Malawi.jpg\" alt=\"\" class=\"wp-image-173654\" srcset=\"https:\/\/clareprogramme.org\/wp-content\/uploads\/2026\/09\/First-Aid-Kit-support-to-the-community-by-REPRESA-Malawi.jpg 1436w, https:\/\/clareprogramme.org\/wp-content\/uploads\/2026\/09\/First-Aid-Kit-support-to-the-community-by-REPRESA-Malawi-225x300.jpg 225w\" sizes=\"(max-width: 1436px) 100vw, 1436px\" \/><figcaption class=\"wp-element-caption\">Une trousse de premiers secours mise \u00e0 la disposition de la communaut\u00e9<br\/>(Cr\u00e9dit photo : REPRESA Malawi)<\/figcaption><\/figure>\n\n\n\n<figure class=\"wp-block-image aligncenter size-large\"><img decoding=\"async\" width=\"1436\" height=\"1920\" data-id=\"173658\" src=\"https:\/\/clareprogramme.org\/wp-content\/uploads\/2026\/09\/First-Training-exercise-by-REPRESA-Malawi.jpg\" alt=\"\" class=\"wp-image-173658\" srcset=\"https:\/\/clareprogramme.org\/wp-content\/uploads\/2026\/09\/First-Training-exercise-by-REPRESA-Malawi.jpg 1436w, https:\/\/clareprogramme.org\/wp-content\/uploads\/2026\/09\/First-Training-exercise-by-REPRESA-Malawi-225x300.jpg 225w\" sizes=\"(max-width: 1436px) 100vw, 1436px\" \/><figcaption class=\"wp-element-caption\">Premier exercice d&rsquo;entra\u00eenement<br\/>(Cr\u00e9dit photo : REPRESA Malawi)<\/figcaption><\/figure>\n\n\n\n<figure class=\"wp-block-image size-large\"><img decoding=\"async\" width=\"1280\" height=\"960\" data-id=\"173650\" src=\"https:\/\/clareprogramme.org\/wp-content\/uploads\/2026\/09\/Discussing_the_translation_at_Tengani-by-REPRESA-Malawi.jpeg\" alt=\"\" class=\"wp-image-173650\" srcset=\"https:\/\/clareprogramme.org\/wp-content\/uploads\/2026\/09\/Discussing_the_translation_at_Tengani-by-REPRESA-Malawi.jpeg 1280w, https:\/\/clareprogramme.org\/wp-content\/uploads\/2026\/09\/Discussing_the_translation_at_Tengani-by-REPRESA-Malawi-300x225.jpeg 300w, https:\/\/clareprogramme.org\/wp-content\/uploads\/2026\/09\/Discussing_the_translation_at_Tengani-by-REPRESA-Malawi-768x576.jpeg 768w, https:\/\/clareprogramme.org\/wp-content\/uploads\/2026\/09\/Discussing_the_translation_at_Tengani-by-REPRESA-Malawi-1024x768.jpeg 1024w\" sizes=\"(max-width: 1280px) 100vw, 1280px\" \/><figcaption class=\"wp-element-caption\">Discussion autour de la traduction chez Tengani<br\/>(Cr\u00e9dit photo : REPRESA Malawi)<\/figcaption><\/figure>\n<\/figure>\n\n<h3 id=\"why-does-it-matter\" class=\"wp-block-heading\"><strong>Pourquoi est-ce important ?<\/strong><\/h3>\n\n<p class=\"wp-block-paragraph\">Les pays d\u2019Afrique australe sont confront\u00e9s \u00e0 des risques croissants li\u00e9s aux cyclones tropicaux et aux inondations qui en d\u00e9coulent, lesquels gagnent en intensit\u00e9 et deviennent de plus en plus impr\u00e9visibles dans un contexte de changement climatique. Au Malawi, les districts m\u00e9ridionaux de Chikwawa et de Nsanje, qui comptent plus de 800 000 habitants, sont les plus expos\u00e9s aux inondations provoqu\u00e9es par les cyclones tropicaux. Le renforcement des capacit\u00e9s du DCCMS en mati\u00e8re de gestion de ses services climatiques augmente les chances que des mesures soient prises en temps opportun pour faire face aux risques futurs, ce qui peut permettre d\u2019\u00e9viter des pertes en vies humaines et la destruction des moyens de subsistance des populations vuln\u00e9rables dans les zones sujettes aux inondations et touch\u00e9es par les cyclones.<\/p>\n\n<p class=\"wp-block-paragraph\">Ce renforcement des capacit\u00e9s est \u00e9galement important car il s&rsquo;attaque aux principaux obstacles qui limitent l&rsquo;efficacit\u00e9 de l&rsquo;adaptation. Bien que la sensibilisation aux al\u00e9as soit souvent \u00e9lev\u00e9e, l&rsquo;information ne d\u00e9bouche pas toujours sur des actions en raison de lacunes en mati\u00e8re d&rsquo;accessibilit\u00e9, de confiance et de facilit\u00e9 d&rsquo;utilisation. Ces lacunes sont particuli\u00e8rement marqu\u00e9es chez les populations marginalis\u00e9es, qui sont souvent les plus expos\u00e9es aux risques mais les moins \u00e0 m\u00eame d&rsquo;acc\u00e9der aux pr\u00e9visions, de les interpr\u00e9ter ou d&rsquo;agir en cons\u00e9quence. En am\u00e9liorant la communication de l&rsquo;information et en renfor\u00e7ant la confiance, le DCCMS augmente les chances que les alertes donnent lieu \u00e0 des actions concr\u00e8tes. Le renforcement des relations du DCCMS avec les acteurs communautaires est \u00e9galement essentiel \u00e0 une adaptation efficace, car les syst\u00e8mes d\u2019alerte pr\u00e9coce reposent sur la coordination entre les organisations charg\u00e9es des pr\u00e9visions, de la communication et de la r\u00e9ponse.<\/p>\n\n<figure class=\"wp-block-gallery has-nested-images columns-default is-cropped wp-block-gallery-2 is-layout-flex wp-block-gallery-is-layout-flex\">\n<figure class=\"wp-block-image size-full\"><img loading=\"lazy\" decoding=\"async\" width=\"1020\" height=\"765\" data-id=\"173662\" src=\"https:\/\/clareprogramme.org\/wp-content\/uploads\/2026\/09\/Early_warning_workshop-by-REPRESA-Malawi-1.jpeg\" alt=\"\" class=\"wp-image-173662\" srcset=\"https:\/\/clareprogramme.org\/wp-content\/uploads\/2026\/09\/Early_warning_workshop-by-REPRESA-Malawi-1.jpeg 1020w, https:\/\/clareprogramme.org\/wp-content\/uploads\/2026\/09\/Early_warning_workshop-by-REPRESA-Malawi-1-300x225.jpeg 300w, https:\/\/clareprogramme.org\/wp-content\/uploads\/2026\/09\/Early_warning_workshop-by-REPRESA-Malawi-1-768x576.jpeg 768w\" sizes=\"(max-width: 1020px) 100vw, 1020px\" \/><figcaption class=\"wp-element-caption\">Atelier sur l&rsquo;alerte pr\u00e9coce<br\/>(Cr\u00e9dit photo : REPRESA Malawi)<\/figcaption><\/figure>\n\n\n\n<figure class=\"wp-block-image aligncenter size-full\"><img loading=\"lazy\" decoding=\"async\" width=\"1020\" height=\"765\" data-id=\"173660\" src=\"https:\/\/clareprogramme.org\/wp-content\/uploads\/2026\/09\/capacity_building_session_group_work-by-REPRESA-Malawi-1.jpeg\" alt=\"\" class=\"wp-image-173660\" srcset=\"https:\/\/clareprogramme.org\/wp-content\/uploads\/2026\/09\/capacity_building_session_group_work-by-REPRESA-Malawi-1.jpeg 1020w, https:\/\/clareprogramme.org\/wp-content\/uploads\/2026\/09\/capacity_building_session_group_work-by-REPRESA-Malawi-1-300x225.jpeg 300w, https:\/\/clareprogramme.org\/wp-content\/uploads\/2026\/09\/capacity_building_session_group_work-by-REPRESA-Malawi-1-768x576.jpeg 768w\" sizes=\"(max-width: 1020px) 100vw, 1020px\" \/><figcaption class=\"wp-element-caption\">S\u00e9ance de renforcement des capacit\u00e9s : travail en groupe (Cr\u00e9dit photo : REPRESA Malawi)<\/figcaption><\/figure>\n\n\n\n<figure class=\"wp-block-image size-large\"><img loading=\"lazy\" decoding=\"async\" width=\"1920\" height=\"1440\" data-id=\"173664\" src=\"https:\/\/clareprogramme.org\/wp-content\/uploads\/2026\/09\/Nsanje_district_council_REPRESA_meeting-by-REPRESA-Malawi-1.jpeg\" alt=\"\" class=\"wp-image-173664\" srcset=\"https:\/\/clareprogramme.org\/wp-content\/uploads\/2026\/09\/Nsanje_district_council_REPRESA_meeting-by-REPRESA-Malawi-1.jpeg 1920w, https:\/\/clareprogramme.org\/wp-content\/uploads\/2026\/09\/Nsanje_district_council_REPRESA_meeting-by-REPRESA-Malawi-1-300x225.jpeg 300w, https:\/\/clareprogramme.org\/wp-content\/uploads\/2026\/09\/Nsanje_district_council_REPRESA_meeting-by-REPRESA-Malawi-1-1024x768.jpeg 1024w, https:\/\/clareprogramme.org\/wp-content\/uploads\/2026\/09\/Nsanje_district_council_REPRESA_meeting-by-REPRESA-Malawi-1-768x576.jpeg 768w, https:\/\/clareprogramme.org\/wp-content\/uploads\/2026\/09\/Nsanje_district_council_REPRESA_meeting-by-REPRESA-Malawi-1-1536x1152.jpeg 1536w\" sizes=\"(max-width: 1920px) 100vw, 1920px\" \/><figcaption class=\"wp-element-caption\">R\u00e9union du conseil de district de Nsanje organis\u00e9e par REPRESA (Cr\u00e9dit photo : REPRESA Malawi)<\/figcaption><\/figure>\n<\/figure>\n\n<h3 id=\"what-did-clare-do-to-contribute\" class=\"wp-block-heading\"><strong>Quelle a \u00e9t\u00e9 la contribution de CLARE ?<\/strong><\/h3>\n\n<p class=\"wp-block-paragraph\">Le DCCMS a \u00e9t\u00e9 sollicit\u00e9 en tant que partenaire cl\u00e9 du projet REPRESA, dont il a assur\u00e9 la coordination nationale au Malawi. REPRESA a fourni un financement op\u00e9rationnel et un soutien logistique qui ont permis au personnel du DCCMS de collaborer directement avec les communaut\u00e9s de Chikwawa et de Nsanje, favorisant ainsi une transition vers des services climatiques coproduits et adapt\u00e9s au contexte local, tout en s\u2019appuyant sur les contributions compl\u00e9mentaires de programmes tels que le programme <a href=\"https:\/\/www.metoffice.gov.uk\/services\/government\/international-development\/weather-and-climate-information-services-wiser\">Weather and Climate Information Services (WISER)<\/a> Par ailleurs, REPRESA a renforc\u00e9 les capacit\u00e9s techniques du DCCMS \u00e0 fournir des pr\u00e9visions localis\u00e9es et ax\u00e9es sur les impacts gr\u00e2ce \u00e0 des ateliers de formation, des exercices de simulation et l&rsquo;acc\u00e8s \u00e0 des ensembles de donn\u00e9es et \u00e0 des outils am\u00e9lior\u00e9s, ce qui a permis au personnel d&rsquo;am\u00e9liorer sa capacit\u00e9 \u00e0 analyser les donn\u00e9es climatiques et \u00e0 les transformer en informations exploitables.<\/p>\n\n<p class=\"wp-block-paragraph\">REPRESA a \u00e9galement soutenu des formations sur l\u2019interpr\u00e9tation du GloFAS, la cartographie des risques d\u2019inondation et les derni\u00e8res projections climatiques, notamment l\u2019acc\u00e8s local aux projections climatiques \u00e0 l\u2019\u00e9chelle du km et \u00e0 la cartographie des risques d\u2019inondation de REPRESA, ainsi que des formations sur les outils d\u2019analyse. Les ateliers de traduction terminologique ont constitu\u00e9 un exemple majeur de la contribution de REPRESA, ax\u00e9s sur la traduction de termes cl\u00e9s en anglais, en chichewa et en sena ; ceux-ci \u00e9taient essentiels car certains des termes cl\u00e9s utilis\u00e9s dans les pr\u00e9visions n\u2019ont pas de traduction directe simple, mais sont indispensables pour aider les communaut\u00e9s \u00e0 comprendre les alertes et \u00e0 prendre ainsi les mesures appropri\u00e9es. <\/p>\n\n<p class=\"wp-block-paragraph\">Pour les membres de la communaut\u00e9, le projet a men\u00e9 des activit\u00e9s sp\u00e9cifiques de renforcement des capacit\u00e9s visant \u00e0 am\u00e9liorer la compr\u00e9hension des informations climatiques et l\u2019action qui en d\u00e9coule. Il a notamment organis\u00e9 des ateliers destin\u00e9s aux comit\u00e9s locaux, form\u00e9 les responsables communautaires et les jeunes b\u00e9n\u00e9voles \u00e0 l\u2019interpr\u00e9tation des alertes scientifiques en cas d\u2019inondation afin de faciliter l\u2019int\u00e9gration des savoirs traditionnels et des pr\u00e9visions scientifiques, mis en place une planification participative de sc\u00e9narios et d\u00e9velopp\u00e9 des outils de communication adapt\u00e9s au contexte local. Gr\u00e2ce \u00e0 des ateliers communautaires participatifs, le projet a cr\u00e9\u00e9 des espaces structur\u00e9s de collaboration entre chercheurs, acteurs gouvernementaux et communaut\u00e9s, renfor\u00e7ant ainsi une approche plus inclusive, fond\u00e9e sur la confiance et la responsabilit\u00e9 en mati\u00e8re d\u2019informations climatiques et de syst\u00e8mes d\u2019alerte pr\u00e9coce.<\/p>\n\n<p class=\"wp-block-paragraph\">Dans l&rsquo;ensemble, ce renforcement des capacit\u00e9s institutionnelles, techniques et relationnelles au sein du DCCMS, gr\u00e2ce \u00e0 la contribution de REPRESA ainsi qu&rsquo;\u00e0 celle d&rsquo;autres programmes et partenaires, a permis une adaptation au changement climatique plus inclusive et plus efficace, en particulier pour les communaut\u00e9s vuln\u00e9rables expos\u00e9es aux risques d&rsquo;inondations et de cyclones.<\/p>\n\n<figure class=\"wp-block-image aligncenter size-large is-resized\"><img loading=\"lazy\" decoding=\"async\" width=\"1280\" height=\"960\" src=\"https:\/\/clareprogramme.org\/wp-content\/uploads\/2026\/09\/capacity_building_Tengani-by-REPRESA-Malawi.jpg\" alt=\"\" class=\"wp-image-173646\" style=\"width:885px;height:auto\" srcset=\"https:\/\/clareprogramme.org\/wp-content\/uploads\/2026\/09\/capacity_building_Tengani-by-REPRESA-Malawi.jpg 1280w, https:\/\/clareprogramme.org\/wp-content\/uploads\/2026\/09\/capacity_building_Tengani-by-REPRESA-Malawi-300x225.jpg 300w, https:\/\/clareprogramme.org\/wp-content\/uploads\/2026\/09\/capacity_building_Tengani-by-REPRESA-Malawi-768x576.jpg 768w, https:\/\/clareprogramme.org\/wp-content\/uploads\/2026\/09\/capacity_building_Tengani-by-REPRESA-Malawi-1024x768.jpg 1024w\" sizes=\"(max-width: 1280px) 100vw, 1280px\" \/><figcaption class=\"wp-element-caption\">Renforcement des capacit\u00e9s \u00e0 Tengani<br\/>(Cr\u00e9dit photo : REPRESA Malawi)<\/figcaption><\/figure>\n\n<h4 id=\"about-represa\" class=\"wp-block-heading\"><strong>\u00c0 propos de REPRESA<\/strong><\/h4>\n\n<p class=\"wp-block-paragraph\">Le projet REPRESA se concentre sur les impacts des cyclones tropicaux \u00e0 Madagascar, au Malawi et au Mozambique. L&rsquo;Afrique australe est extr\u00eamement vuln\u00e9rable aux impacts des cyclones tropicaux, comme l&rsquo;ont montr\u00e9 des \u00e9v\u00e9nements d\u00e9vastateurs tels que le cyclone tropical Idai en 2019. Les syst\u00e8mes d\u2019alerte pr\u00e9coce existants dans la r\u00e9gion sont insuffisants pour pr\u00e9venir les pertes humaines et les difficult\u00e9s \u00e9conomiques. REPRESA vise \u00e0 combler cette lacune en am\u00e9liorant les syst\u00e8mes d\u2019alerte pr\u00e9coce, en menant des recherches sur l\u2019\u00e9volution des caract\u00e9ristiques des cyclones et en \u00e9laborant des options d\u2019adaptation pour renforcer la r\u00e9silience.   <\/p>\n","protected":false},"featured_media":173661,"template":"","categories":[1602],"tags":[],"clare_partners":[956,957,665,1004,1005,1006,707,675,712,668,958],"clare_projects":[725],"clare_themes":[741],"clare_threads":[],"clare_topics":[618,623,616,799,620,605,603,604],"clare_countries":[768],"clare_pillars":[794],"all_countries":[],"all_keywords":[],"restypes":[],"output_authors":[],"years":[],"all_projects":[],"idrc_languages":[],"class_list":["post-173666","impact","type-impact","status-publish","has-post-thumbnail","hentry","category-impact","clare_partners-arake-fr","clare_partners-european-centre-for-medium-range-weather-forecasts-fr","clare_partners-le-centre-du-changement-climatique-de-la-croixrouge-et-du-croissant-rouge","clare_partners-services-meteorologiques-de-madagascar","clare_partners-services-meteorologiques-de-malawi","clare_partners-services-meteorologiques-de-mozambique","clare_partners-universite-de-bristol","clare_partners-universite-de-reading","clare_partners-universite-du-witwatersrand-wits","clare_partners-universite-eduardo-mondlane-uem","clare_partners-universite-northwest-nwu","clare_projects-resilience-preparation-cyclones-tropicaux-afrique-australe-represa","clare_themes-comprehension-du-risque-climatique","clare_topics-action-humanitaire","clare_topics-eau","clare_topics-egalite-et_inclusion-des-sexes","clare_topics-migration-fr","clare_topics-recherche-pour-impact","clare_topics-reduction-des-risques-de-catastrophe","clare_topics-renforcement-des-capacites","clare_topics-cotier","clare_countries-malawi-fr","clare_pillars-recherche"],"blocksy_meta":{"styles_descriptor":{"styles":{"desktop":"","tablet":"","mobile":""},"google_fonts":[],"version":7}},"acf":[],"aioseo_notices":[],"aioseo_head":"\n\t\t<!-- All in One SEO 5.0.1.1 - aioseo.com -->\n\t<meta name=\"description\" content=\"R\u00e9dig\u00e9 par Charles Vanya, James Pagona, Kristel Fourie, Edwin Tadeyo, Chance Muwama, Maynard, Nyirenda Elizabeth Kendall, Fran\u00e7ois Engelbrecht, Luis Artur, Jeff Neal et Christel Prudhomme Qu&#039;est-ce qui a chang\u00e9 ? Au Malawi, les autorit\u00e9s locales sont d\u00e9sormais en mesure d\u2019exploiter plus efficacement les recherches climatiques pour soutenir une adaptation inclusive, gr\u00e2ce aux contributions du projet\" \/>\n\t<meta name=\"robots\" content=\"max-image-preview:large\" \/>\n\t<meta name=\"google-site-verification\" content=\"Xgbg6vE8oVYVXn42teocL-IwTU90UzJVcVMZ6Y25JOc\" \/>\n\t<meta name=\"msvalidate.01\" content=\"036AC7A7063BA0CA3BB4B6DA1BD77167\" \/>\n\t<link rel=\"canonical\" href=\"https:\/\/clareprogramme.org\/fr\/impact\/recit-de-changement-renforcement-des-capacites-en-matiere-de-services-climatiques-pour-une-adaptation-inclusive-au-malawi\/\" \/>\n\t<meta name=\"generator\" content=\"All in One SEO (AIOSEO) 5.0.1.1\" \/>\n\t\t<meta property=\"og:locale\" content=\"fr_FR\" \/>\n\t\t<meta property=\"og:site_name\" content=\"CLARE - CLimate Adaptation &amp; REsilience \u2013 Climate Adaptation &amp; Resilience\" \/>\n\t\t<meta property=\"og:type\" content=\"article\" \/>\n\t\t<meta property=\"og:title\" content=\"R\u00e9cit de changement : Renforcement des capacit\u00e9s en mati\u00e8re de services climatiques pour une adaptation inclusive au Malawi | CLARE - CLimate Adaptation &amp; REsilience\" \/>\n\t\t<meta property=\"og:description\" content=\"R\u00e9dig\u00e9 par Charles Vanya, James Pagona, Kristel Fourie, Edwin Tadeyo, Chance Muwama, Maynard, Nyirenda Elizabeth Kendall, Fran\u00e7ois Engelbrecht, Luis Artur, Jeff Neal et Christel Prudhomme Qu&#039;est-ce qui a chang\u00e9 ? Au Malawi, les autorit\u00e9s locales sont d\u00e9sormais en mesure d\u2019exploiter plus efficacement les recherches climatiques pour soutenir une adaptation inclusive, gr\u00e2ce aux contributions du projet\" \/>\n\t\t<meta property=\"og:url\" content=\"https:\/\/clareprogramme.org\/fr\/impact\/recit-de-changement-renforcement-des-capacites-en-matiere-de-services-climatiques-pour-une-adaptation-inclusive-au-malawi\/\" \/>\n\t\t<meta property=\"og:image\" content=\"https:\/\/clareprogramme.org\/wp-content\/uploads\/2026\/09\/capacity_building_session_group_work-by-REPRESA-Malawi-1.jpeg\" \/>\n\t\t<meta property=\"og:image:secure_url\" content=\"https:\/\/clareprogramme.org\/wp-content\/uploads\/2026\/09\/capacity_building_session_group_work-by-REPRESA-Malawi-1.jpeg\" \/>\n\t\t<meta property=\"og:image:width\" content=\"1020\" \/>\n\t\t<meta property=\"og:image:height\" content=\"765\" \/>\n\t\t<meta property=\"article:published_time\" content=\"2026-09-02T19:41:13+00:00\" \/>\n\t\t<meta property=\"article:modified_time\" content=\"2026-09-02T19:56:50+00:00\" \/>\n\t\t<meta name=\"twitter:card\" content=\"summary_large_image\" \/>\n\t\t<meta name=\"twitter:title\" content=\"R\u00e9cit de changement : Renforcement des capacit\u00e9s en mati\u00e8re de services climatiques pour une adaptation inclusive au Malawi | CLARE - CLimate Adaptation &amp; REsilience\" \/>\n\t\t<meta name=\"twitter:description\" content=\"R\u00e9dig\u00e9 par Charles Vanya, James Pagona, Kristel Fourie, Edwin Tadeyo, Chance Muwama, Maynard, Nyirenda Elizabeth Kendall, Fran\u00e7ois Engelbrecht, Luis Artur, Jeff Neal et Christel Prudhomme Qu&#039;est-ce qui a chang\u00e9 ? Au Malawi, les autorit\u00e9s locales sont d\u00e9sormais en mesure d\u2019exploiter plus efficacement les recherches climatiques pour soutenir une adaptation inclusive, gr\u00e2ce aux contributions du projet\" \/>\n\t\t<meta name=\"twitter:image\" content=\"https:\/\/clareprogramme.org\/wp-content\/uploads\/2026\/09\/capacity_building_session_group_work-by-REPRESA-Malawi-1.jpeg\" \/>\n\t\t<script type=\"application\/ld+json\" class=\"aioseo-schema\">\n\t\t\t{\"@context\":\"https:\\\/\\\/schema.org\",\"@graph\":[{\"@type\":\"BreadcrumbList\",\"@id\":\"https:\\\/\\\/clareprogramme.org\\\/fr\\\/impact\\\/recit-de-changement-renforcement-des-capacites-en-matiere-de-services-climatiques-pour-une-adaptation-inclusive-au-malawi\\\/#breadcrumblist\",\"itemListElement\":[{\"@type\":\"ListItem\",\"@id\":\"https:\\\/\\\/clareprogramme.org\\\/fr\\\/#listItem\",\"position\":1,\"name\":\"Home\",\"item\":\"https:\\\/\\\/clareprogramme.org\\\/fr\\\/\",\"nextItem\":{\"@type\":\"ListItem\",\"@id\":\"https:\\\/\\\/clareprogramme.org\\\/fr\\\/clare-impacts\\\/#listItem\",\"name\":\"Impact stories\"}},{\"@type\":\"ListItem\",\"@id\":\"https:\\\/\\\/clareprogramme.org\\\/fr\\\/clare-impacts\\\/#listItem\",\"position\":2,\"name\":\"Impact stories\",\"item\":\"https:\\\/\\\/clareprogramme.org\\\/fr\\\/clare-impacts\\\/\",\"nextItem\":{\"@type\":\"ListItem\",\"@id\":\"https:\\\/\\\/clareprogramme.org\\\/fr\\\/category\\\/impact\\\/#listItem\",\"name\":\"Impact\"},\"previousItem\":{\"@type\":\"ListItem\",\"@id\":\"https:\\\/\\\/clareprogramme.org\\\/fr\\\/#listItem\",\"name\":\"Home\"}},{\"@type\":\"ListItem\",\"@id\":\"https:\\\/\\\/clareprogramme.org\\\/fr\\\/category\\\/impact\\\/#listItem\",\"position\":3,\"name\":\"Impact\",\"item\":\"https:\\\/\\\/clareprogramme.org\\\/fr\\\/category\\\/impact\\\/\",\"nextItem\":{\"@type\":\"ListItem\",\"@id\":\"https:\\\/\\\/clareprogramme.org\\\/fr\\\/impact\\\/recit-de-changement-renforcement-des-capacites-en-matiere-de-services-climatiques-pour-une-adaptation-inclusive-au-malawi\\\/#listItem\",\"name\":\"R\\u00e9cit de changement : Renforcement des capacit\\u00e9s en mati\\u00e8re de services climatiques pour une adaptation inclusive au Malawi\"},\"previousItem\":{\"@type\":\"ListItem\",\"@id\":\"https:\\\/\\\/clareprogramme.org\\\/fr\\\/clare-impacts\\\/#listItem\",\"name\":\"Impact stories\"}},{\"@type\":\"ListItem\",\"@id\":\"https:\\\/\\\/clareprogramme.org\\\/fr\\\/impact\\\/recit-de-changement-renforcement-des-capacites-en-matiere-de-services-climatiques-pour-une-adaptation-inclusive-au-malawi\\\/#listItem\",\"position\":4,\"name\":\"R\\u00e9cit de changement : Renforcement des capacit\\u00e9s en mati\\u00e8re de services climatiques pour une adaptation inclusive au Malawi\",\"previousItem\":{\"@type\":\"ListItem\",\"@id\":\"https:\\\/\\\/clareprogramme.org\\\/fr\\\/category\\\/impact\\\/#listItem\",\"name\":\"Impact\"}}]},{\"@type\":\"Organization\",\"@id\":\"https:\\\/\\\/clareprogramme.org\\\/fr\\\/#organization\",\"name\":\"CLARE - CLimate Adaptation & REsilience\",\"description\":\"Climate Adaptation & Resilience\",\"url\":\"https:\\\/\\\/clareprogramme.org\\\/fr\\\/\",\"logo\":{\"@type\":\"ImageObject\",\"url\":\"https:\\\/\\\/clareprogramme.org\\\/wp-content\\\/uploads\\\/2023\\\/12\\\/clare-logo_fr-landscape.png\",\"@id\":\"https:\\\/\\\/clareprogramme.org\\\/fr\\\/impact\\\/recit-de-changement-renforcement-des-capacites-en-matiere-de-services-climatiques-pour-une-adaptation-inclusive-au-malawi\\\/#organizationLogo\",\"width\":1440,\"height\":354,\"caption\":\"CLARE logo French\"},\"image\":{\"@id\":\"https:\\\/\\\/clareprogramme.org\\\/fr\\\/impact\\\/recit-de-changement-renforcement-des-capacites-en-matiere-de-services-climatiques-pour-une-adaptation-inclusive-au-malawi\\\/#organizationLogo\"}},{\"@type\":\"WebPage\",\"@id\":\"https:\\\/\\\/clareprogramme.org\\\/fr\\\/impact\\\/recit-de-changement-renforcement-des-capacites-en-matiere-de-services-climatiques-pour-une-adaptation-inclusive-au-malawi\\\/#webpage\",\"url\":\"https:\\\/\\\/clareprogramme.org\\\/fr\\\/impact\\\/recit-de-changement-renforcement-des-capacites-en-matiere-de-services-climatiques-pour-une-adaptation-inclusive-au-malawi\\\/\",\"name\":\"R\\u00e9cit de changement : Renforcement des capacit\\u00e9s en mati\\u00e8re de services climatiques pour une adaptation inclusive au Malawi | CLARE - CLimate Adaptation & REsilience\",\"description\":\"R\\u00e9dig\\u00e9 par Charles Vanya, James Pagona, Kristel Fourie, Edwin Tadeyo, Chance Muwama, Maynard, Nyirenda Elizabeth Kendall, Fran\\u00e7ois Engelbrecht, Luis Artur, Jeff Neal et Christel Prudhomme Qu'est-ce qui a chang\\u00e9 ? Au Malawi, les autorit\\u00e9s locales sont d\\u00e9sormais en mesure d\\u2019exploiter plus efficacement les recherches climatiques pour soutenir une adaptation inclusive, gr\\u00e2ce aux contributions du projet\",\"inLanguage\":\"fr-FR\",\"isPartOf\":{\"@id\":\"https:\\\/\\\/clareprogramme.org\\\/fr\\\/#website\"},\"breadcrumb\":{\"@id\":\"https:\\\/\\\/clareprogramme.org\\\/fr\\\/impact\\\/recit-de-changement-renforcement-des-capacites-en-matiere-de-services-climatiques-pour-une-adaptation-inclusive-au-malawi\\\/#breadcrumblist\"},\"image\":{\"@type\":\"ImageObject\",\"url\":\"https:\\\/\\\/clareprogramme.org\\\/wp-content\\\/uploads\\\/2026\\\/09\\\/capacity_building_session_group_work-by-REPRESA-Malawi-1.jpeg\",\"@id\":\"https:\\\/\\\/clareprogramme.org\\\/fr\\\/impact\\\/recit-de-changement-renforcement-des-capacites-en-matiere-de-services-climatiques-pour-une-adaptation-inclusive-au-malawi\\\/#mainImage\",\"width\":1020,\"height\":765},\"primaryImageOfPage\":{\"@id\":\"https:\\\/\\\/clareprogramme.org\\\/fr\\\/impact\\\/recit-de-changement-renforcement-des-capacites-en-matiere-de-services-climatiques-pour-une-adaptation-inclusive-au-malawi\\\/#mainImage\"},\"datePublished\":\"2026-09-02T15:41:13-04:00\",\"dateModified\":\"2026-09-02T15:56:50-04:00\"},{\"@type\":\"WebSite\",\"@id\":\"https:\\\/\\\/clareprogramme.org\\\/fr\\\/#website\",\"url\":\"https:\\\/\\\/clareprogramme.org\\\/fr\\\/\",\"name\":\"CLARE - CLimate Adaptation & REsilience\",\"description\":\"Climate Adaptation & Resilience\",\"inLanguage\":\"fr-FR\",\"publisher\":{\"@id\":\"https:\\\/\\\/clareprogramme.org\\\/fr\\\/#organization\"}}]}\n\t\t<\/script>\n\t\t<!-- All in One SEO -->\n\n","aioseo_head_json":{"title":"R\u00e9cit de changement : Renforcement des capacit\u00e9s en mati\u00e8re de services climatiques pour une adaptation inclusive au Malawi | CLARE - CLimate Adaptation & REsilience","description":"R\u00e9dig\u00e9 par Charles Vanya, James Pagona, Kristel Fourie, Edwin Tadeyo, Chance Muwama, Maynard, Nyirenda Elizabeth Kendall, Fran\u00e7ois Engelbrecht, Luis Artur, Jeff Neal et Christel Prudhomme Qu'est-ce qui a chang\u00e9 ? Au Malawi, les autorit\u00e9s locales sont d\u00e9sormais en mesure d\u2019exploiter plus efficacement les recherches climatiques pour soutenir une adaptation inclusive, gr\u00e2ce aux contributions du projet","canonical_url":"https:\/\/clareprogramme.org\/fr\/impact\/recit-de-changement-renforcement-des-capacites-en-matiere-de-services-climatiques-pour-une-adaptation-inclusive-au-malawi\/","robots":"max-image-preview:large","keywords":"","webmasterTools":{"google-site-verification":"Xgbg6vE8oVYVXn42teocL-IwTU90UzJVcVMZ6Y25JOc","msvalidate.01":"036AC7A7063BA0CA3BB4B6DA1BD77167","miscellaneous":""},"schema":{"@context":"https:\/\/schema.org","@graph":[{"@type":"BreadcrumbList","@id":"https:\/\/clareprogramme.org\/fr\/impact\/recit-de-changement-renforcement-des-capacites-en-matiere-de-services-climatiques-pour-une-adaptation-inclusive-au-malawi\/#breadcrumblist","itemListElement":[{"@type":"ListItem","@id":"https:\/\/clareprogramme.org\/fr\/#listItem","position":1,"name":"Home","item":"https:\/\/clareprogramme.org\/fr\/","nextItem":{"@type":"ListItem","@id":"https:\/\/clareprogramme.org\/fr\/clare-impacts\/#listItem","name":"Impact stories"}},{"@type":"ListItem","@id":"https:\/\/clareprogramme.org\/fr\/clare-impacts\/#listItem","position":2,"name":"Impact stories","item":"https:\/\/clareprogramme.org\/fr\/clare-impacts\/","nextItem":{"@type":"ListItem","@id":"https:\/\/clareprogramme.org\/fr\/category\/impact\/#listItem","name":"Impact"},"previousItem":{"@type":"ListItem","@id":"https:\/\/clareprogramme.org\/fr\/#listItem","name":"Home"}},{"@type":"ListItem","@id":"https:\/\/clareprogramme.org\/fr\/category\/impact\/#listItem","position":3,"name":"Impact","item":"https:\/\/clareprogramme.org\/fr\/category\/impact\/","nextItem":{"@type":"ListItem","@id":"https:\/\/clareprogramme.org\/fr\/impact\/recit-de-changement-renforcement-des-capacites-en-matiere-de-services-climatiques-pour-une-adaptation-inclusive-au-malawi\/#listItem","name":"R\u00e9cit de changement : Renforcement des capacit\u00e9s en mati\u00e8re de services climatiques pour une adaptation inclusive au Malawi"},"previousItem":{"@type":"ListItem","@id":"https:\/\/clareprogramme.org\/fr\/clare-impacts\/#listItem","name":"Impact stories"}},{"@type":"ListItem","@id":"https:\/\/clareprogramme.org\/fr\/impact\/recit-de-changement-renforcement-des-capacites-en-matiere-de-services-climatiques-pour-une-adaptation-inclusive-au-malawi\/#listItem","position":4,"name":"R\u00e9cit de changement : Renforcement des capacit\u00e9s en mati\u00e8re de services climatiques pour une adaptation inclusive au Malawi","previousItem":{"@type":"ListItem","@id":"https:\/\/clareprogramme.org\/fr\/category\/impact\/#listItem","name":"Impact"}}]},{"@type":"Organization","@id":"https:\/\/clareprogramme.org\/fr\/#organization","name":"CLARE - CLimate Adaptation & REsilience","description":"Climate Adaptation & Resilience","url":"https:\/\/clareprogramme.org\/fr\/","logo":{"@type":"ImageObject","url":"https:\/\/clareprogramme.org\/wp-content\/uploads\/2023\/12\/clare-logo_fr-landscape.png","@id":"https:\/\/clareprogramme.org\/fr\/impact\/recit-de-changement-renforcement-des-capacites-en-matiere-de-services-climatiques-pour-une-adaptation-inclusive-au-malawi\/#organizationLogo","width":1440,"height":354,"caption":"CLARE logo French"},"image":{"@id":"https:\/\/clareprogramme.org\/fr\/impact\/recit-de-changement-renforcement-des-capacites-en-matiere-de-services-climatiques-pour-une-adaptation-inclusive-au-malawi\/#organizationLogo"}},{"@type":"WebPage","@id":"https:\/\/clareprogramme.org\/fr\/impact\/recit-de-changement-renforcement-des-capacites-en-matiere-de-services-climatiques-pour-une-adaptation-inclusive-au-malawi\/#webpage","url":"https:\/\/clareprogramme.org\/fr\/impact\/recit-de-changement-renforcement-des-capacites-en-matiere-de-services-climatiques-pour-une-adaptation-inclusive-au-malawi\/","name":"R\u00e9cit de changement : Renforcement des capacit\u00e9s en mati\u00e8re de services climatiques pour une adaptation inclusive au Malawi | CLARE - CLimate Adaptation & REsilience","description":"R\u00e9dig\u00e9 par Charles Vanya, James Pagona, Kristel Fourie, Edwin Tadeyo, Chance Muwama, Maynard, Nyirenda Elizabeth Kendall, Fran\u00e7ois Engelbrecht, Luis Artur, Jeff Neal et Christel Prudhomme Qu'est-ce qui a chang\u00e9 ? Au Malawi, les autorit\u00e9s locales sont d\u00e9sormais en mesure d\u2019exploiter plus efficacement les recherches climatiques pour soutenir une adaptation inclusive, gr\u00e2ce aux contributions du projet","inLanguage":"fr-FR","isPartOf":{"@id":"https:\/\/clareprogramme.org\/fr\/#website"},"breadcrumb":{"@id":"https:\/\/clareprogramme.org\/fr\/impact\/recit-de-changement-renforcement-des-capacites-en-matiere-de-services-climatiques-pour-une-adaptation-inclusive-au-malawi\/#breadcrumblist"},"image":{"@type":"ImageObject","url":"https:\/\/clareprogramme.org\/wp-content\/uploads\/2026\/09\/capacity_building_session_group_work-by-REPRESA-Malawi-1.jpeg","@id":"https:\/\/clareprogramme.org\/fr\/impact\/recit-de-changement-renforcement-des-capacites-en-matiere-de-services-climatiques-pour-une-adaptation-inclusive-au-malawi\/#mainImage","width":1020,"height":765},"primaryImageOfPage":{"@id":"https:\/\/clareprogramme.org\/fr\/impact\/recit-de-changement-renforcement-des-capacites-en-matiere-de-services-climatiques-pour-une-adaptation-inclusive-au-malawi\/#mainImage"},"datePublished":"2026-09-02T15:41:13-04:00","dateModified":"2026-09-02T15:56:50-04:00"},{"@type":"WebSite","@id":"https:\/\/clareprogramme.org\/fr\/#website","url":"https:\/\/clareprogramme.org\/fr\/","name":"CLARE - CLimate Adaptation & REsilience","description":"Climate Adaptation & Resilience","inLanguage":"fr-FR","publisher":{"@id":"https:\/\/clareprogramme.org\/fr\/#organization"}}]},"og:locale":"fr_FR","og:site_name":"CLARE - CLimate Adaptation &amp; REsilience \u2013 Climate Adaptation &amp; Resilience","og:type":"article","og:title":"R\u00e9cit de changement : Renforcement des capacit\u00e9s en mati\u00e8re de services climatiques pour une adaptation inclusive au Malawi | CLARE - CLimate Adaptation &amp; REsilience","og:description":"R\u00e9dig\u00e9 par Charles Vanya, James Pagona, Kristel Fourie, Edwin Tadeyo, Chance Muwama, Maynard, Nyirenda Elizabeth Kendall, Fran\u00e7ois Engelbrecht, Luis Artur, Jeff Neal et Christel Prudhomme Qu'est-ce qui a chang\u00e9 ? Au Malawi, les autorit\u00e9s locales sont d\u00e9sormais en mesure d\u2019exploiter plus efficacement les recherches climatiques pour soutenir une adaptation inclusive, gr\u00e2ce aux contributions du projet","og:url":"https:\/\/clareprogramme.org\/fr\/impact\/recit-de-changement-renforcement-des-capacites-en-matiere-de-services-climatiques-pour-une-adaptation-inclusive-au-malawi\/","og:image":"https:\/\/clareprogramme.org\/wp-content\/uploads\/2026\/09\/capacity_building_session_group_work-by-REPRESA-Malawi-1.jpeg","og:image:secure_url":"https:\/\/clareprogramme.org\/wp-content\/uploads\/2026\/09\/capacity_building_session_group_work-by-REPRESA-Malawi-1.jpeg","og:image:width":1020,"og:image:height":765,"article:published_time":"2026-09-02T19:41:13+00:00","article:modified_time":"2026-09-02T19:56:50+00:00","twitter:card":"summary_large_image","twitter:title":"R\u00e9cit de changement : Renforcement des capacit\u00e9s en mati\u00e8re de services climatiques pour une adaptation inclusive au Malawi | CLARE - CLimate Adaptation &amp; REsilience","twitter:description":"R\u00e9dig\u00e9 par Charles Vanya, James Pagona, Kristel Fourie, Edwin Tadeyo, Chance Muwama, Maynard, Nyirenda Elizabeth Kendall, Fran\u00e7ois Engelbrecht, Luis Artur, Jeff Neal et Christel Prudhomme Qu'est-ce qui a chang\u00e9 ? Au Malawi, les autorit\u00e9s locales sont d\u00e9sormais en mesure d\u2019exploiter plus efficacement les recherches climatiques pour soutenir une adaptation inclusive, gr\u00e2ce aux contributions du projet","twitter:image":"https:\/\/clareprogramme.org\/wp-content\/uploads\/2026\/09\/capacity_building_session_group_work-by-REPRESA-Malawi-1.jpeg"},"aioseo_meta_data":{"post_id":"173666","title":null,"description":null,"keywords":null,"keyphrases":{"focus":{"keyphrase":"","score":0,"analysis":{"keyphraseInTitle":{"score":0,"maxScore":9,"error":1}}},"additional":[]},"primary_term":null,"canonical_url":null,"og_title":null,"og_description":null,"og_object_type":"default","og_image_type":"default","og_image_url":null,"og_image_width":null,"og_image_height":null,"og_image_custom_url":null,"og_image_custom_fields":null,"og_video":"","og_custom_url":null,"og_article_section":null,"og_article_tags":null,"twitter_use_og":false,"twitter_card":"default","twitter_image_type":"default","twitter_image_url":null,"twitter_image_custom_url":null,"twitter_image_custom_fields":null,"twitter_title":null,"twitter_description":null,"schema":{"blockGraphs":[],"customGraphs":[],"default":{"data":{"Article":[],"Course":[],"Dataset":[],"FAQPage":[],"Movie":[],"Person":[],"Product":[],"ProductReview":[],"Car":[],"Recipe":[],"Service":[],"SoftwareApplication":[],"WebPage":[]},"graphName":"WebPage","isEnabled":true},"graphs":[]},"schema_type":"default","schema_type_options":null,"pillar_content":false,"robots_default":true,"robots_noindex":false,"robots_noarchive":false,"robots_nosnippet":false,"robots_nofollow":false,"robots_noimageindex":false,"robots_noodp":false,"robots_notranslate":false,"robots_max_snippet":"-1","robots_max_videopreview":"-1","robots_max_imagepreview":"large","priority":null,"frequency":"default","local_seo":null,"breadcrumb_settings":null,"limit_modified_date":false,"created":"2026-09-02 19:56:53","updated":"2026-09-02 19:59:57","ai":{"faqs":[],"keyPoints":[],"schemas":[],"titles":[],"descriptions":[],"socialPosts":{"email":{"subject":"","preview":"","content":""},"linkedin":[],"twitter":[],"facebook":[],"instagram":[]}},"seo_analyzer_scan_date":null,"focus_keyword":null,"additional_keywords":null,"truseo_locale":null},"aioseo_breadcrumb":"<div class=\"aioseo-breadcrumbs\"><span class=\"aioseo-breadcrumb\">\n\t\t\t<a href=\"https:\/\/clareprogramme.org\/fr\/\" title=\"Home\">Home<\/a>\n\t\t<\/span><span class=\"aioseo-breadcrumb-separator\">\u00bb<\/span><span class=\"aioseo-breadcrumb\">\n\t\t\t<a href=\"https:\/\/clareprogramme.org\/fr\/clare-impacts\/\" title=\"Impact stories\">Impact stories<\/a>\n\t\t<\/span><span class=\"aioseo-breadcrumb-separator\">\u00bb<\/span><span class=\"aioseo-breadcrumb\">\n\t\t\t<a href=\"https:\/\/clareprogramme.org\/fr\/category\/impact\/\" title=\"Impact\">Impact<\/a>\n\t\t<\/span><span class=\"aioseo-breadcrumb-separator\">\u00bb<\/span><span class=\"aioseo-breadcrumb\">\n\t\t\tR\u00e9cit de changement : Renforcement des capacit\u00e9s en mati\u00e8re de services climatiques pour une adaptation inclusive au Malawi\n\t\t<\/span><\/div>","aioseo_breadcrumb_json":[{"label":"Home","link":"https:\/\/clareprogramme.org\/fr\/"},{"label":"Impact stories","link":"https:\/\/clareprogramme.org\/fr\/clare-impacts\/"},{"label":"Impact","link":"https:\/\/clareprogramme.org\/fr\/category\/impact\/"},{"label":"R\u00e9cit de changement : Renforcement des capacit\u00e9s en mati\u00e8re de services climatiques pour une adaptation inclusive au Malawi","link":"https:\/\/clareprogramme.org\/fr\/impact\/recit-de-changement-renforcement-des-capacites-en-matiere-de-services-climatiques-pour-une-adaptation-inclusive-au-malawi\/"}],"_links":{"self":[{"href":"https:\/\/clareprogramme.org\/fr\/wp-json\/wp\/v2\/impact\/173666","targetHints":{"allow":["GET"]}}],"collection":[{"href":"https:\/\/clareprogramme.org\/fr\/wp-json\/wp\/v2\/impact"}],"about":[{"href":"https:\/\/clareprogramme.org\/fr\/wp-json\/wp\/v2\/types\/impact"}],"wp:featuredmedia":[{"embeddable":true,"href":"https:\/\/clareprogramme.org\/fr\/wp-json\/wp\/v2\/media\/173661"}],"wp:attachment":[{"href":"https:\/\/clareprogramme.org\/fr\/wp-json\/wp\/v2\/media?parent=173666"}],"wp:term":[{"taxonomy":"category","embeddable":true,"href":"https:\/\/clareprogramme.org\/fr\/wp-json\/wp\/v2\/categories?post=173666"},{"taxonomy":"post_tag","embeddable":true,"href":"https:\/\/clareprogramme.org\/fr\/wp-json\/wp\/v2\/tags?post=173666"},{"taxonomy":"clare_partners","embeddable":true,"href":"https:\/\/clareprogramme.org\/fr\/wp-json\/wp\/v2\/clare_partners?post=173666"},{"taxonomy":"clare_projects","embeddable":true,"href":"https:\/\/clareprogramme.org\/fr\/wp-json\/wp\/v2\/clare_projects?post=173666"},{"taxonomy":"clare_themes","embeddable":true,"href":"https:\/\/clareprogramme.org\/fr\/wp-json\/wp\/v2\/clare_themes?post=173666"},{"taxonomy":"clare_threads","embeddable":true,"href":"https:\/\/clareprogramme.org\/fr\/wp-json\/wp\/v2\/clare_threads?post=173666"},{"taxonomy":"clare_topics","embeddable":true,"href":"https:\/\/clareprogramme.org\/fr\/wp-json\/wp\/v2\/clare_topics?post=173666"},{"taxonomy":"clare_countries","embeddable":true,"href":"https:\/\/clareprogramme.org\/fr\/wp-json\/wp\/v2\/clare_countries?post=173666"},{"taxonomy":"clare_pillars","embeddable":true,"href":"https:\/\/clareprogramme.org\/fr\/wp-json\/wp\/v2\/clare_pillars?post=173666"},{"taxonomy":"all_countries","embeddable":true,"href":"https:\/\/clareprogramme.org\/fr\/wp-json\/wp\/v2\/all_countries?post=173666"},{"taxonomy":"all_keywords","embeddable":true,"href":"https:\/\/clareprogramme.org\/fr\/wp-json\/wp\/v2\/all_keywords?post=173666"},{"taxonomy":"restypes","embeddable":true,"href":"https:\/\/clareprogramme.org\/fr\/wp-json\/wp\/v2\/restypes?post=173666"},{"taxonomy":"output_authors","embeddable":true,"href":"https:\/\/clareprogramme.org\/fr\/wp-json\/wp\/v2\/output_authors?post=173666"},{"taxonomy":"years","embeddable":true,"href":"https:\/\/clareprogramme.org\/fr\/wp-json\/wp\/v2\/years?post=173666"},{"taxonomy":"all_projects","embeddable":true,"href":"https:\/\/clareprogramme.org\/fr\/wp-json\/wp\/v2\/all_projects?post=173666"},{"taxonomy":"idrc_languages","embeddable":true,"href":"https:\/\/clareprogramme.org\/fr\/wp-json\/wp\/v2\/idrc_languages?post=173666"}],"curies":[{"name":"wp","href":"https:\/\/api.w.org\/{rel}","templated":true}]}}