{"id":17729,"date":"2024-11-19T08:21:25","date_gmt":"2024-11-19T13:21:25","guid":{"rendered":"https:\/\/clareprogramme.org\/?post_type=update&#038;p=17729"},"modified":"2024-11-21T09:21:21","modified_gmt":"2024-11-21T14:21:21","slug":"combler-les-lacunes-en-matiere-dadaptation-aux-changements-climatiques","status":"publish","type":"update","link":"https:\/\/clareprogramme.org\/fr\/update\/combler-les-lacunes-en-matiere-dadaptation-aux-changements-climatiques\/","title":{"rendered":"Combler les lacunes en mati\u00e8re d\u2019adaptation aux changements climatiques"},"content":{"rendered":"\n<p><strong>Atelier CLARE \u00e0 ICIMOD | 8 octobre 2024<\/strong><\/p>\n\n<p>\u00e9crit par <strong><mark class=\"has-inline-color has-palette-color-2-color\"><em>Arjan De Haan<\/em><\/mark><\/strong><\/p>\n\n<p>Quelque 160 personnes (50 % sur site et 50 % en ligne) se sont r\u00e9unies pour discuter des lacunes croissantes dans l\u2019adaptation aux changements climatiques en Asie et des possibilit\u00e9s de combler ces lacunes. Les responsables du gouvernement n\u00e9palais ont soulign\u00e9 la n\u00e9cessit\u00e9 d\u2019une action et d\u2019un soutien renforc\u00e9s, comme l\u2019ont encore illustr\u00e9 les inondations d\u00e9vastatrices de la semaine pr\u00e9c\u00e9dente : l\u2019adaptation aux changements climatiques est une n\u00e9cessit\u00e9, pas un choix. <\/p>\n\n<p>Les sp\u00e9cialistes ont d\u00e9taill\u00e9 les besoins croissants et communiqu\u00e9 des recommandations pour une action urgente : travailler ensemble, renforcer les capacit\u00e9s et am\u00e9liorer la compr\u00e9hension de l\u2019\u00e9cosyst\u00e8me financier, avec le soutien international, et le r\u00f4le de premier plan des gouvernements nationaux, s\u2019av\u00e9reront essentiels pour atteindre les objectifs climatiques et de d\u00e9veloppement.<\/p>\n\n<p><strong><mark class=\"has-inline-color has-palette-color-1-color\">Un \u00e9cosyst\u00e8me en crise<\/mark><\/strong><\/p>\n\n<p>Apr\u00e8s les remarques d\u2019ouverture des h\u00f4tes du Centre international de mise en valeur int\u00e9gr\u00e9e des montagnes (ICIMOD) et de CLARE, l\u2019ambassadeur de Sa Majest\u00e9 au N\u00e9pal et champion du climat du Royaume-Uni pour la r\u00e9gion de l\u2019Inde et de l\u2019oc\u00e9an Indien, Robb Fenn, a soulign\u00e9 que nous sommes dans une situation d\u2019urgence climatique et que nous devons nous adapter et renforcer la r\u00e9silience. Il a soulign\u00e9 : \u00ab Renforcer la r\u00e9silience des communaut\u00e9s en premi\u00e8re ligne de la crise climatique rev\u00eat une importance primordiale&#8230; [and] \u2026 pour permettre une adaptation qui r\u00e9duit les risques climatiques et soutient le d\u00e9veloppement r\u00e9silient au climat, une recherche orient\u00e9e vers l\u2019action s\u2019av\u00e8re n\u00e9cessaire. \u00bb <\/p>\n\n<p>Madhu Kumar Marasini de la Commission nationale de planification du N\u00e9pal a \u00e9voqu\u00e9 la force et la vuln\u00e9rabilit\u00e9 de l\u2019\u00e9cosyst\u00e8me montagneux ainsi que la n\u00e9cessit\u00e9 d\u2019accro\u00eetre le financement climatique et la diplomatie pour combler le d\u00e9ficit de l\u2019adaptation au climat afin de prot\u00e9ger et de restaurer cet \u00e9cosyst\u00e8me. Il a rappel\u00e9 \u00e0 la r\u00e9union les paroles du premier ministre n\u00e9palais selon lesquelles \u00ab les montagnes sont tortur\u00e9es par la hausse des temp\u00e9ratures \u00bb et a soulign\u00e9 la n\u00e9cessit\u00e9 d\u2019un effort de collaboration mixte pour prot\u00e9ger les \u00e9cosyst\u00e8mes montagneux qui soutiennent la vie et les moyens de subsistance d\u2019environ deux milliards de personnes. <\/p>\n\n<p>L\u2019honorable Juddha B. Gurung, membre de la Commission nationale des ressources naturelles et des finances, a clos la s\u00e9ance d\u2019ouverture, rappelant sa profonde exp\u00e9rience personnelle de l\u2019impact croissant des changements climatiques au N\u00e9pal. Il a soulign\u00e9 les premiers travaux des parties prenantes et des sp\u00e9cialistes n\u00e9palais pour faire reconna\u00eetre la crise climatique croissante, ainsi que les efforts des militantes et militants et des diplomates n\u00e9palais pour sensibiliser les entreprises mondiales aux impacts des changements climatiques.  <\/p>\n\n<p><strong><mark class=\"has-inline-color has-palette-color-1-color\">Besoins d\u2019adaptation croissants, mise \u00e0 l\u2019\u00e9chelle de l\u2019innovation <\/mark> <\/strong><\/p>\n\n<p>Lors de la premi\u00e8re session, Chandni Singh, de l\u2019Institut indien des \u00e9tablissements humains, a d\u00e9crit le d\u00e9ficit croissant de l\u2019adaptation au climat en Asie, partageant avec les participantes et participants un premier aper\u00e7u sur le <a href=\"https:\/\/www.unep.org\/fr\/resources\/rapport-sur-lecar-entre-les-besoins-et-les-perspectives-en-matiere-dadaptation-aux\">Rapport sur le d\u00e9ficit de l\u2019adaptation au climat <\/a>2024. Elle a r\u00e9sum\u00e9 les nouvelles donn\u00e9es et l\u2019\u00e9valuation de l\u2019efficacit\u00e9 des projets d\u2019adaptation. Les priorit\u00e9s pour approfondir les travaux sur l\u2019adaptation tels qu\u2019ils ressortent dans le rapport comprennent l\u2019accent mis sur les impacts sur la sant\u00e9, le financement de la lutte contre la maladie, le travail sur le plan infranational et la gestion des risques tourn\u00e9e vers l\u2019avenir.  <\/p>\n\n<p>Popular Gentle, ancien conseiller du premier ministre n\u00e9palais, a soulign\u00e9 l\u2019importance et l\u2019engagement du N\u00e9pal en faveur d\u2019une adaptation dirig\u00e9e localement. Toutefois, il existe des lacunes importantes dans la mise en \u0153uvre, et il a soulign\u00e9 la n\u00e9cessit\u00e9 d\u2019am\u00e9liorer la compr\u00e9hension des vuln\u00e9rabilit\u00e9s intersectionnelles, le soutien \u00e0 l\u2019innovation dans les interventions et les capacit\u00e9s de d\u00e9veloppement, ainsi que la combinaison des connaissances locales avec la recherche et les donn\u00e9es probantes universitaires. <\/p>\n\n<p>Surendra Joshi, de l\u2019ICIMOD, a termin\u00e9 la discussion en soulignant les lacunes croissantes en mati\u00e8re d\u2019adaptation et la n\u00e9cessit\u00e9 de renforcer la mise en \u0153uvre des politiques et des engagements. Il a soulign\u00e9 que des solutions locales existent et sont en cours de pilotage (comme dans le cadre du programme <a href=\"https:\/\/www.icimod.org\/hi-reap\/\">HI-REAP<\/a>) et que la mise \u00e0 l\u2019\u00e9chelle et l\u2019acc\u00e8s au financement de ces innovations constituent des priorit\u00e9s essentielles. <\/p>\n\n<p><strong><mark class=\"has-inline-color has-palette-color-1-color\">Approches globales n\u00e9cessaires pour combler le d\u00e9ficit de financement climatique<\/mark><\/strong><\/p>\n\n<p>Pour la derni\u00e8re s\u00e9ance sur la r\u00e9duction du d\u00e9ficit financier, Paul Watkiss, responsable du projet CLARE ECONOGENESIS, a pr\u00e9par\u00e9 le terrain en avertissant que les nouvelles ne semblaient pas bonnes, en particulier pour l\u2019Asie et l\u2019Afrique qui connaissent les impacts, y compris \u00e9conomiques, des changements climatiques les plus graves. Comme le montre le dernier <a href=\"https:\/\/www.unep.org\/fr\/resources\/rapport-2023-sur-le-deficit-de-ladaptation-au-climat\" target=\"_blank\" rel=\"noreferrer noopener\">Rapport sur le d\u00e9ficit de l\u2019adaptation au climat 2023<\/a> et r\u00e9affirm\u00e9 dans <a href=\"https:\/\/www.unep.org\/fr\/resources\/rapport-2024-sur-lecart-entre-les-besoins-et-les-perspectives-en-matiere-dadaptation-aux\" target=\"_blank\" rel=\"noreferrer noopener\">l&rsquo;\u00e9dition 2024<\/a> (seulement disponible en anglais pour l&rsquo;instant), l\u2019action climatique et en particulier l\u2019adaptation sont sous-pr\u00e9par\u00e9es et sous-financ\u00e9es. <\/p>\n\n<p><img fetchpriority=\"high\" decoding=\"async\" width=\"826\" height=\"679\" class=\"wp-image-17104\" style=\"width: 800px\" src=\"https:\/\/clareprogramme.org\/wp-content\/uploads\/2024\/11\/Adaptation-Gap-Report.png\" alt=\"\" srcset=\"https:\/\/clareprogramme.org\/wp-content\/uploads\/2024\/11\/Adaptation-Gap-Report.png 826w, https:\/\/clareprogramme.org\/wp-content\/uploads\/2024\/11\/Adaptation-Gap-Report-300x247.png 300w, https:\/\/clareprogramme.org\/wp-content\/uploads\/2024\/11\/Adaptation-Gap-Report-768x631.png 768w\" sizes=\"(max-width: 826px) 100vw, 826px\" \/><\/p>\n\n<ul class=\"wp-block-list\">\n<li>Les besoins estim\u00e9s s\u2019av\u00e8rent beaucoup plus \u00e9lev\u00e9s que les flux internationaux actuels<\/li>\n\n\n\n<li>M\u00eame le respect du pacte de Glasgow (doubler le financement) r\u00e9duira l\u2019\u00e9cart <strong>d\u2019environ 5 %<\/strong><\/li>\n\n\n\n<li>Un \u00e9cart financier plus important entra\u00eene des pertes et des dommages plus importants<\/li>\n<\/ul>\n\n<p>Bien que tous les chiffres demeurent tr\u00e8s incertains, il est probable que les besoins totaux soient encore plus importants. Le secteur priv\u00e9 doit \u00e9galement faire face \u00e0 des co\u00fbts pour s\u2019adapter aux changements climatiques, et ces co\u00fbts ne sont pas inclus dans les estimations. Comme la recherche l\u2019a montr\u00e9, les pauvres supportent des fardeaux in\u00e9gaux du co\u00fbt des changements climatiques, et de nouveaux mod\u00e8les de financement climatique pourraient aggraver la situation. Cela a \u00e9t\u00e9 soulign\u00e9 dans une discussion ult\u00e9rieure : la \u00ab qualit\u00e9 \u00bb du financement de l\u2019action climatique, en particulier si les personnes qui en ont le plus besoin ont acc\u00e8s, importe autant que la quantit\u00e9.   <\/p>\n\n<p>Des progr\u00e8s sont not\u00e9s aussi en mati\u00e8re d\u2019adaptation. La question du financement climatique est maintenant \u00e0 l\u2019ordre du jour des minist\u00e8res des Finances, y compris au Rwanda et au N\u00e9pal (comme le montrent les travaux d\u2019ECONOGENESIS), et comme l\u2019ont soulign\u00e9 les pan\u00e9listes. Pour combler le d\u00e9ficit de financement, des approches novatrices et \u00e0 l\u2019\u00e9chelle sont n\u00e9cessaires. Ce sera difficile, mais des innovations existent.  <\/p>\n\n<p>De multiples approches et r\u00e9formes du financement climatique s\u2019av\u00e8rent n\u00e9cessaires. Om Prakash Bhattarai, du minist\u00e8re des Finances n\u00e9palais, a r\u00e9it\u00e9r\u00e9 l\u2019ampleur du d\u00e9ficit financier du N\u00e9pal : selon les estimations, ce montant s\u2019\u00e9tablit \u00e0 2,1 milliards de dollars am\u00e9ricains, soit 5 % du PIB du pays. Le N\u00e9pal n\u2019a pas les moyens de combler cet \u00e9cart, le pays affichant d\u00e9j\u00e0 un d\u00e9ficit budg\u00e9taire important et un ratio d\u2019endettement croissant, et devant faire face \u00e0 de nouveaux d\u00e9fis pour acc\u00e9der au financement une fois que le N\u00e9pal aura obtenu son dipl\u00f4me de pays les moins d\u00e9velopp\u00e9s en 2026.  <\/p>\n\n<p>Le N\u00e9pal met en place des politiques et des mesures pour relever ce d\u00e9fi : une taxe climatique verte innovante, l\u2019approche \u00ab D\u00e9veloppement vert, r\u00e9silient et inclusif \u00bb qui comprenait des mesures d\u2019adaptation et d\u2019att\u00e9nuation, l\u2019harmonisation des budgets avec les besoins d\u2019adaptation au climat et les lignes directrices pour promouvoir les investissements des banques priv\u00e9es. Le gouvernement n\u00e9palais appelle \u00e0 un soutien ext\u00e9rieur beaucoup plus important pour combler le besoin annuel de financement climatique de 2,1 milliards de dollars am\u00e9ricains, en particulier sous forme de subventions, ainsi que de processus simplifi\u00e9s pour acc\u00e9der aux ressources. <\/p>\n\n<p><strong><mark class=\"has-inline-color has-palette-color-1-color\">Partenariat pour faire \u00e9voluer le financement climatique<\/mark><\/strong><\/p>\n\n<p>On a demand\u00e9 \u00e0 Mme Medinee Prajapati de la Global IME Bank, N\u00e9pal, la mani\u00e8re dont le financement priv\u00e9 peut aider \u00e0 relever ces d\u00e9fis. Les institutions financi\u00e8res priv\u00e9es investissent dans les secteurs de l\u2019\u00e9nergie et de la durabilit\u00e9, y compris l\u2019agriculture. Les organismes de r\u00e9glementation exigent qu\u2019elles allouent une partie de leur portefeuille \u00e0 ces secteurs et adoptent des pratiques bancaires durables. Ils ont introduit une taxonomie verte et mis en place des unit\u00e9s pour promouvoir la banque durable. Toutefois, elle a soulign\u00e9 qu\u2019ils restaient des actrices et acteurs \u00e9conomiques priv\u00e9s devant fournir des rendements \u00e0 leurs actionnaires. Les institutions financi\u00e8res ont besoin de mod\u00e8les de financement mixte et de partage des risques ou des co\u00fbts pour investir dans des secteurs mal desservis. La certification, par exemple, des b\u00e2timents \u00e9cologiques et de l\u2019agriculture intelligente face au climat s\u2019av\u00e8re n\u00e9cessaire pour \u00e9viter l\u2019\u00e9coblanchiment.       <\/p>\n\n<p>Bedoshruti Sadhukhan, repr\u00e9sentante de l\u2019ICLEI \u2013 Gouvernements locaux pour la durabilit\u00e9, a \u00e9t\u00e9 interrog\u00e9e sur les partenariats n\u00e9cessaires pour faire \u00e9voluer le financement climatique, du point de vue des municipalit\u00e9s. Elle a soulign\u00e9 que les municipalit\u00e9s de la r\u00e9gion \u00e9laboraient des plans d\u2019action pour le climat, mais qu\u2019elles faisaient face \u00e0 des obstacles pour obtenir du financement pour ces plans. Les lignes budg\u00e9taires ne s\u2019adaptent souvent pas facilement aux nouvelles priorit\u00e9s climatiques. Les autorit\u00e9s locales ne peuvent pas acc\u00e9der directement aux fonds mondiaux. Ils d\u00e9pendent des autorit\u00e9s nationales pour financer leurs priorit\u00e9s qui, elles-m\u00eames, manquent souvent de capacit\u00e9s pour s\u2019impliquer dans des processus de demande de financement compliqu\u00e9s. La mobilisation du secteur priv\u00e9 pr\u00e9sente \u00e9galement des d\u00e9fis, le besoin de rendements financiers pouvant entraver l\u2019investissement dans des activit\u00e9s prioritaires par les municipalit\u00e9s, une lacune que les philanthropes peuvent aider \u00e0 combler.     <\/p>\n\n<p><a>Vivek Sen <\/a>a cit\u00e9 l&rsquo;<a href=\"https:\/\/www.climatepolicyinitiative.org\/\">IPC<\/a> qui estiment que le financement climatique mondial disponible est inf\u00e9rieur \u00e0 un quart de ce qui est n\u00e9cessaire. Il a plaid\u00e9 en faveur de la n\u00e9cessit\u00e9 de \u00ab jeter l\u2019\u00e9vier de la cuisine \u00bb sur le probl\u00e8me et d\u2019apporter des capitaux pour des gains d\u2019adaptation au climat \u00e0 long terme. D\u2019importants d\u00e9fis doivent \u00eatre relev\u00e9s pour y parvenir. Les projets d\u2019adaptation au climat n\u00e9cessitant de longues p\u00e9riodes de gestation, il est difficile d\u2019attacher une valeur financi\u00e8re \u00e0 leurs avantages. Il n\u2019existe pas de politiques ou de mandats habilitants pour investir dans des projets d\u2019adaptation au climat \u00e0 petite \u00e9chelle \u00e0 l\u2019\u00e9chelle locale. Ces caract\u00e9ristiques r\u00e9duisent les int\u00e9r\u00eats des investisseuses et investisseurs du secteur priv\u00e9, et ces types de projets d\u2019adaptation locaux au climat d\u00e9pendent d\u2019un capital plus tol\u00e9rant au risque (g\u00e9n\u00e9ralement philanthropique).     <\/p>\n\n<p>L\u2019investissement public s\u2019av\u00e8re donc essentiel. Les structures de capital mixtes avec des philanthropies soutenant l\u2019investissement \u00e0 long terme et le financement public pour supprimer les risques d\u2019investissement peuvent cr\u00e9er ensemble des conditions de march\u00e9 dans lesquelles le capital priv\u00e9 peut investir dans des mesures d\u2019adaptation au climat. Vivek a conclu : \u00ab Que le gouvernement prenne les devants, que le secteur priv\u00e9 participe, qu\u2019il ait un r\u00f4le \u00e0 jouer pour le capital philanthropique, pour financer les activit\u00e9s d\u2019adaptation. \u00bb  <\/p>\n\n<p>La discussion a mis en \u00e9vidence les caract\u00e9ristiques souhaitables pour la quantit\u00e9 et la qualit\u00e9 du financement climatique : il doit \u00eatre suppl\u00e9mentaire (au financement de l\u2019aide publique au d\u00e9veloppement), id\u00e9alement fourni sous forme de subvention, pr\u00e9visible, permettre une flexibilit\u00e9, et traiter la pauvret\u00e9 et les in\u00e9galit\u00e9s parall\u00e8lement aux impacts des changements climatiques. Les participantes et participants ont estim\u00e9 que les pays d\u00e9velopp\u00e9s ont la responsabilit\u00e9 de fournir des ressources pour l\u2019action climatique des pays en d\u00e9veloppement. Il est essentiel d\u2019int\u00e9grer des consid\u00e9rations d\u2019\u00e9quit\u00e9 et de justice dans la planification du financement climatique. <\/p>\n\n<p>Les participantes et participants ont soulign\u00e9 la n\u00e9cessit\u00e9 de combler les \u00e9carts entre les communaut\u00e9s de financement et d\u2019adaptation, et entre les ordres de gouvernement, ainsi que de renforcer les capacit\u00e9s d\u2019action climatique parmi ces parties prenantes. Les participantes et les participants ont \u00e9galement soulign\u00e9 la n\u00e9cessit\u00e9 d\u2019am\u00e9liorer la coordination et la communication, y compris la compr\u00e9hension des perspectives et des int\u00e9r\u00eats des parties prenantes des banques priv\u00e9es. <\/p>\n\n<p>Comme l\u2019a conclu Mme Louise Wilson, Ph. D., conseill\u00e8re en climatologie de Foreign, Commonwealth and Development Office, il est urgent de d\u00e9velopper la capacit\u00e9 et les partenariats techniques et de sp\u00e9cialistes. Ceux-ci peuvent d\u00e9velopper les instruments et les m\u00e9canismes n\u00e9cessaires pour un financement climatique \u00e9quitable, \u00e0 la fois public et priv\u00e9, qui est flexible et peut \u00eatre allou\u00e9 en fonction des besoins uniques. Par-del\u00e0 tout, le financement climatique doit vraiment atteindre celles et ceux qui sont les plus vuln\u00e9rables et soutenir les gains \u00e0 long terme.  <\/p>\n\n<div class=\"wp-block-group is-layout-constrained wp-block-group-is-layout-constrained\">\n<p><strong><mark class=\"has-inline-color has-palette-color-1-color\">Principales conclusions de l\u2019atelier<\/mark><\/strong><\/p>\n\n\n\n<ol class=\"wp-block-list\">\n<li>L\u2019important impact des changements climatiques en Asie affecte un grand nombre de personnes, avec des vuln\u00e9rabilit\u00e9s propres aux \u00e9cosyst\u00e8mes comme les montagnes (\u00ab aux prises par la hausse des temp\u00e9ratures \u00bb), et les ressources pour faire face aux impacts s\u2019av\u00e8rent bien insuffisantes.<\/li>\n\n\n\n<li>Les donn\u00e9es probantes sur l\u2019adaptation men\u00e9e localement, la compr\u00e9hension des vuln\u00e9rabilit\u00e9s intersectionnelles et le soutien \u00e0 l\u2019innovation et \u00e0 la mise \u00e0 l\u2019\u00e9chelle ont un r\u00f4le cl\u00e9 \u00e0 jouer.<\/li>\n\n\n\n<li>L\u2019augmentation du financement international de la lutte contre les changements climatiques, conform\u00e9ment aux engagements pris dans le cadre de l\u2019Accord de Paris de la Convention-cadre des Nations Unies sur les changements climatiques (CCNUCC), la simplification des processus d\u2019acc\u00e8s et l\u2019innovation dans les modalit\u00e9s de financement s\u2019av\u00e8rent essentielles.<\/li>\n\n\n\n<li>La qualit\u00e9 du financement climatique est aussi importante que la quantit\u00e9 : l\u2019additionnalit\u00e9, la flexibilit\u00e9 et le financement des subventions jouent un r\u00f4le crucial pour s\u2019assurer de r\u00e9pondre aux besoins locaux.<\/li>\n\n\n\n<li>Le financement priv\u00e9 a un r\u00f4le \u00e0 jouer, mais l\u2019adaptation doit \u00eatre men\u00e9e par des interventions publiques : \u00ab Laissons le gouvernement prendre les devants, laissons le secteur priv\u00e9 participer, laissons le capital philanthropique jouer un r\u00f4le pour financer les activit\u00e9s d\u2019adaptation \u00bb.<\/li>\n<\/ol>\n<\/div>\n","protected":false},"author":10,"featured_media":17108,"template":"","meta":{"_acf_changed":false,"_gspb_post_css":""},"categories":[800],"tags":[],"clare_partners":[1243,818,672,864,820],"clare_projects":[730,724,735,734,723,1135,718],"clare_themes":[743],"clare_threads":[],"clare_topics":[604,623,606,616,799,620,603,602,622],"clare_countries":[],"clare_pillars":[796,794],"class_list":["post-17729","update","type-update","status-publish","has-post-thumbnail","hentry","category-blog-fr","clare_partners-acts-fr","clare_partners-centre-de-recherches-pour-le-developpement-international-crdi","clare_partners-nepal-development-research-institute-ndri-fr","clare_partners-nepal-institute-of-development-studies-nids-fr","clare_partners-bureau-des-affaires-etrangeres-du-commonwealth-et-du-developpement-fcdo","clare_projects-recif-climatiques-durabilite-peche-recifs-coralliens-climatereefs","clare_projects-egalite-genres-inclusion-repartition-couts-adaptation-econogenesis","clare_projects-pole-renforcement-capacites","clare_projects-pole-de-recherche-porteuse-impact-pole-rpi","clare_projects-renforcer-resilience-contexte-urbanisation-rapide-rurbanise","clare_projects-renforcer-les-capacites-locales-pour-une-resilience-socialement-inclusive-en-asie","clare_projects-previsions-spatiales-vagues-aide-intelligence-artificielle-communaute-savoir-surf-it","clare_themes-developpement-dans-un-climat-changeant","clare_topics-cotier","clare_topics-eau","clare_topics-economie","clare_topics-egalite-et_inclusion-des-sexes","clare_topics-migration-fr","clare_topics-recherche-pour-impact","clare_topics-renforcement-des-capacites","clare_topics-terres-arides-et-semi-arides","clare_topics-urbain","clare_pillars-partenariats","clare_pillars-recherche"],"blocksy_meta":[],"acf":[],"aioseo_notices":[],"_links":{"self":[{"href":"https:\/\/clareprogramme.org\/fr\/wp-json\/wp\/v2\/update\/17729","targetHints":{"allow":["GET"]}}],"collection":[{"href":"https:\/\/clareprogramme.org\/fr\/wp-json\/wp\/v2\/update"}],"about":[{"href":"https:\/\/clareprogramme.org\/fr\/wp-json\/wp\/v2\/types\/update"}],"author":[{"embeddable":true,"href":"https:\/\/clareprogramme.org\/fr\/wp-json\/wp\/v2\/users\/10"}],"wp:featuredmedia":[{"embeddable":true,"href":"https:\/\/clareprogramme.org\/fr\/wp-json\/wp\/v2\/media\/17108"}],"wp:attachment":[{"href":"https:\/\/clareprogramme.org\/fr\/wp-json\/wp\/v2\/media?parent=17729"}],"wp:term":[{"taxonomy":"category","embeddable":true,"href":"https:\/\/clareprogramme.org\/fr\/wp-json\/wp\/v2\/categories?post=17729"},{"taxonomy":"post_tag","embeddable":true,"href":"https:\/\/clareprogramme.org\/fr\/wp-json\/wp\/v2\/tags?post=17729"},{"taxonomy":"clare_partners","embeddable":true,"href":"https:\/\/clareprogramme.org\/fr\/wp-json\/wp\/v2\/clare_partners?post=17729"},{"taxonomy":"clare_projects","embeddable":true,"href":"https:\/\/clareprogramme.org\/fr\/wp-json\/wp\/v2\/clare_projects?post=17729"},{"taxonomy":"clare_themes","embeddable":true,"href":"https:\/\/clareprogramme.org\/fr\/wp-json\/wp\/v2\/clare_themes?post=17729"},{"taxonomy":"clare_threads","embeddable":true,"href":"https:\/\/clareprogramme.org\/fr\/wp-json\/wp\/v2\/clare_threads?post=17729"},{"taxonomy":"clare_topics","embeddable":true,"href":"https:\/\/clareprogramme.org\/fr\/wp-json\/wp\/v2\/clare_topics?post=17729"},{"taxonomy":"clare_countries","embeddable":true,"href":"https:\/\/clareprogramme.org\/fr\/wp-json\/wp\/v2\/clare_countries?post=17729"},{"taxonomy":"clare_pillars","embeddable":true,"href":"https:\/\/clareprogramme.org\/fr\/wp-json\/wp\/v2\/clare_pillars?post=17729"}],"curies":[{"name":"wp","href":"https:\/\/api.w.org\/{rel}","templated":true}]}}